{"id":5970,"date":"2025-11-24T15:34:50","date_gmt":"2025-11-24T15:34:50","guid":{"rendered":"https:\/\/awesome-nobel.178-32-136-152.plesk.page\/?page_id=5970"},"modified":"2026-04-30T07:21:01","modified_gmt":"2026-04-30T07:21:01","slug":"animazione-liturgica","status":"publish","type":"page","link":"https:\/\/diocesilanciano.it\/?page_id=5970","title":{"rendered":"animazione liturgica"},"content":{"rendered":"<p>[et_pb_section fb_built=&#8221;1&#8243; fullwidth=&#8221;on&#8221; _builder_version=&#8221;4.24.2&#8243; _module_preset=&#8221;default&#8221; global_colors_info=&#8221;{}&#8221;][et_pb_fullwidth_menu menu_id=&#8221;29&#8243; menu_style=&#8221;centered&#8221; active_link_color=&#8221;#FFFFFF&#8221; dropdown_menu_bg_color=&#8221;rgba(0,84,117,0.19)&#8221; _builder_version=&#8221;4.24.2&#8243; _module_preset=&#8221;default&#8221; menu_text_color=&#8221;#FFFFFF&#8221; menu_font_size=&#8221;16px&#8221; menu_letter_spacing=&#8221;1px&#8221; background_color=&#8221;#002a3d&#8221; global_colors_info=&#8221;{}&#8221;][\/et_pb_fullwidth_menu][\/et_pb_section][et_pb_section fb_built=&#8221;1&#8243; fullwidth=&#8221;on&#8221; admin_label=&#8221;Header&#8221; _builder_version=&#8221;4.16&#8243; background_image=&#8221;http:\/\/nuovodiocesi.advisualweb.it\/wp-content\/uploads\/sites\/64\/2021\/12\/IMG_8394.jpg&#8221; parallax=&#8221;on&#8221; max_width=&#8221;100%&#8221; global_colors_info=&#8221;{}&#8221;][et_pb_fullwidth_header title=&#8221;BENVENUTI &#8221; subhead=&#8221;NEL SITO DELLA DIOCESI DI LANCIANO-ORTONA&#8221; text_orientation=&#8221;center&#8221; _builder_version=&#8221;4.16&#8243; title_font=&#8221;Didact Gothic||||||||&#8221; title_font_size=&#8221;60px&#8221; title_line_height=&#8221;1.3em&#8221; content_font=&#8221;||||||||&#8221; content_font_size=&#8221;16px&#8221; content_line_height=&#8221;2em&#8221; subhead_font=&#8221;Didact Gothic||||||||&#8221; subhead_font_size=&#8221;20px&#8221; subhead_line_height=&#8221;1.8em&#8221; background_color=&#8221;rgba(0,0,0,0)&#8221; use_background_color_gradient=&#8221;on&#8221; background_color_gradient_type=&#8221;circular&#8221; background_color_gradient_stops=&#8221;rgba(102,133,221,0.37) 0%|rgba(31,31,71,0.81) 53%&#8221; background_color_gradient_start=&#8221;rgba(102,133,221,0.37)&#8221; background_color_gradient_end=&#8221;rgba(31,31,71,0.81)&#8221; background_color_gradient_end_position=&#8221;53%&#8221; custom_button_one=&#8221;on&#8221; button_one_text_size=&#8221;16px&#8221; button_one_text_color=&#8221;#ffffff&#8221; button_one_bg_color=&#8221;#a0beef&#8221; button_one_border_width=&#8221;8px&#8221; button_one_border_color=&#8221;rgba(0,0,0,0)&#8221; button_one_border_radius=&#8221;0px&#8221; button_one_letter_spacing=&#8221;3px&#8221; button_one_font=&#8221;Didact Gothic|700||on|||||&#8221; button_one_use_icon=&#8221;off&#8221; custom_button_two=&#8221;on&#8221; button_two_text_size=&#8221;16px&#8221; button_two_text_color=&#8221;#34587c&#8221; button_two_bg_color=&#8221;#ffffff&#8221; button_two_border_width=&#8221;8px&#8221; button_two_border_color=&#8221;rgba(0,0,0,0)&#8221; button_two_border_radius=&#8221;0px&#8221; button_two_letter_spacing=&#8221;3px&#8221; button_two_font=&#8221;Didact Gothic|700||on|||||&#8221; button_two_icon=&#8221;&#x49;||divi||400&#8243; button_two_icon_placement=&#8221;left&#8221; button_two_on_hover=&#8221;off&#8221; custom_padding=&#8221;10vw||20vw&#8221; custom_padding_tablet=&#8221;&#8221; custom_padding_phone=&#8221;||80px&#8221; custom_padding_last_edited=&#8221;on|phone&#8221; animation_style=&#8221;fade&#8221; animation_starting_opacity=&#8221;45%&#8221; title_font_size_tablet=&#8221;40px&#8221; title_font_size_phone=&#8221;30px&#8221; title_font_size_last_edited=&#8221;on|phone&#8221; subhead_font_size_tablet=&#8221;&#8221; subhead_font_size_phone=&#8221;18px&#8221; subhead_font_size_last_edited=&#8221;on|phone&#8221; global_colors_info=&#8221;{}&#8221;][\/et_pb_fullwidth_header][\/et_pb_section][et_pb_section fb_built=&#8221;1&#8243; admin_label=&#8221;Blog&#8221; _builder_version=&#8221;4.24.2&#8243; background_color=&#8221;#002b3a&#8221; locked=&#8221;off&#8221; global_colors_info=&#8221;{}&#8221;][et_pb_row _builder_version=&#8221;4.27.0&#8243; _module_preset=&#8221;default&#8221; global_colors_info=&#8221;{}&#8221;][et_pb_column type=&#8221;4_4&#8243; _builder_version=&#8221;4.27.0&#8243; _module_preset=&#8221;default&#8221; global_colors_info=&#8221;{}&#8221;][et_pb_text _builder_version=&#8221;4.27.0&#8243; _dynamic_attributes=&#8221;content&#8221; _module_preset=&#8221;default&#8221; text_font=&#8221;Aboreto||||||||&#8221; text_text_color=&#8221;#FFFFFF&#8221; text_font_size=&#8221;77px&#8221; text_orientation=&#8221;center&#8221; scroll_horizontal_motion_enable=&#8221;on&#8221; scroll_horizontal_motion=&#8221;0|100|100|100|4|0|-4&#8243; scroll_blur_enable=&#8221;on&#8221; text_text_shadow_style=&#8221;preset2&#8243; global_colors_info=&#8221;{}&#8221;]@ET-DC@eyJkeW5hbWljIjp0cnVlLCJjb250ZW50IjoicG9zdF90aXRsZSIsInNldHRpbmdzIjp7ImJlZm9yZSI6IiIsImFmdGVyIjoiIn19@[\/et_pb_text][\/et_pb_column][\/et_pb_row][\/et_pb_section][et_pb_section fb_built=&#8221;1&#8243; admin_label=&#8221;Next Steps&#8221; _builder_version=&#8221;4.27.0&#8243; background_image=&#8221;http:\/\/nuovodiocesi.advisualweb.it\/wp-content\/uploads\/sites\/64\/2021\/09\/church-04.jpg&#8221; parallax=&#8221;on&#8221; custom_padding=&#8221;|0px|12vw|0px|false|false&#8221; global_colors_info=&#8221;{}&#8221; use_background_color_gradient__hover=&#8221;off&#8221; use_background_color_gradient__hover_enabled=&#8221;off&#8221; background_color_gradient_start__hover=&#8221;#2b87da&#8221; background_color_gradient_start__hover_enabled=&#8221;#2b87da&#8221; background_color_gradient_end__hover=&#8221;#29c4a9&#8243; background_color_gradient_end__hover_enabled=&#8221;#29c4a9&#8243; background_color_gradient_type__hover=&#8221;linear&#8221; background_color_gradient_type__hover_enabled=&#8221;linear&#8221; background_color_gradient_direction__hover=&#8221;180deg&#8221; background_color_gradient_direction__hover_enabled=&#8221;180deg&#8221; background_color_gradient_direction_radial__hover=&#8221;center&#8221; background_color_gradient_direction_radial__hover_enabled=&#8221;center&#8221; background_color_gradient_start_position__hover=&#8221;0%&#8221; background_color_gradient_start_position__hover_enabled=&#8221;0%&#8221; background_color_gradient_end_position__hover=&#8221;100%&#8221; background_color_gradient_end_position__hover_enabled=&#8221;100%&#8221; background_color_gradient_overlays_image__hover=&#8221;off&#8221; background_color_gradient_overlays_image__hover_enabled=&#8221;off&#8221; parallax__hover=&#8221;off&#8221; parallax__hover_enabled=&#8221;off&#8221; parallax_method__hover=&#8221;on&#8221; parallax_method__hover_enabled=&#8221;on&#8221; background_size__hover=&#8221;cover&#8221; background_size__hover_enabled=&#8221;cover&#8221; background_position__hover=&#8221;center&#8221; background_position__hover_enabled=&#8221;center&#8221; background_repeat__hover=&#8221;no-repeat&#8221; background_repeat__hover_enabled=&#8221;no-repeat&#8221; background_blend__hover=&#8221;normal&#8221; background_blend__hover_enabled=&#8221;normal&#8221; allow_player_pause__hover=&#8221;off&#8221; allow_player_pause__hover_enabled=&#8221;off&#8221; background_video_pause_outside_viewport__hover=&#8221;on&#8221; background_video_pause_outside_viewport__hover_enabled=&#8221;on&#8221; background_color_gradient_stops__hover=&#8221;#2b87da 0%|#29c4a9 100%&#8221;][et_pb_row column_structure=&#8221;1_4,3_4&#8243; _builder_version=&#8221;4.27.4&#8243; _module_preset=&#8221;default&#8221; global_colors_info=&#8221;{}&#8221;][et_pb_column type=&#8221;1_4&#8243; _builder_version=&#8221;4.27.4&#8243; _module_preset=&#8221;default&#8221; global_colors_info=&#8221;{}&#8221;][et_pb_text _builder_version=&#8221;4.27.5&#8243; _module_preset=&#8221;default&#8221; global_colors_info=&#8221;{}&#8221;]<\/p>\n<p><strong>Contatti<\/strong><\/p>\n<p>Incaricato diocesano:<\/p>\n<p class=\"p1\"><strong>Mons. Nicola GIAMPIETRO<\/strong><\/p>\n<p>e-mail: <a href=\"mailto:liturgia@diocesilanciano.it\">liturgia@diocesilanciano.it<\/a><\/p>\n<p>presso curia arcivescovile Lanciano<\/p>\n<p>&nbsp;<\/p>\n<p><img loading=\"lazy\" decoding=\"async\" src=\"https:\/\/diocesilanciano.it\/wp-content\/uploads\/2025\/12\/logo-300x300.jpg\" width=\"300\" height=\"300\" alt=\"\" class=\"wp-image-6014 alignnone size-medium\" \/><\/p>\n<p>[\/et_pb_text][\/et_pb_column][et_pb_column type=&#8221;3_4&#8243; _builder_version=&#8221;4.27.4&#8243; _module_preset=&#8221;default&#8221; global_colors_info=&#8221;{}&#8221;][et_pb_text _builder_version=&#8221;4.27.4&#8243; _module_preset=&#8221;default&#8221; width=&#8221;100%&#8221; global_colors_info=&#8221;{}&#8221;]<\/p>\n<p align=\"JUSTIFY\"><span style=\"font-family: Times New Roman, serif;\"><span style=\"color: #000000;\"><span style=\"font-size: large;\"><span lang=\"it-IT\">L\u2019Ufficio per il Culto Divino dell\u2019Arcidiocesi di Lanciano-Ortona ha il compito di accompagnare e sostenere tutte le comunit\u00e0 della diocesi nella celebrazione autentica e viva dei misteri della fede. <\/span><\/span><\/span><\/span><\/p>\n<p align=\"JUSTIFY\"><span style=\"font-family: Times New Roman, serif;\"><span style=\"color: #000000;\"><span style=\"font-size: large;\"><span lang=\"it-IT\">In conformit\u00e0 con le direttive della <\/span><\/span><\/span><span style=\"color: #000000;\"><span style=\"font-size: large;\"><span lang=\"it-IT\"><i><span>Sacrosanctum Concilium<\/span><\/i><\/span><\/span><\/span><span style=\"color: #000000;\"><span style=\"font-size: large;\"><span lang=\"it-IT\"> \u2013 la Costituzione sulla sacra liturgia del Concilio Vaticano II \u2013 l\u2019ufficio promuove la celebrazione della liturgia come \u201cfonte e culmine della vita cristiana\u201d (<\/span><\/span><\/span><span style=\"color: #000000;\"><span style=\"font-size: large;\"><span lang=\"it-IT\"><i>SC<\/i><\/span><\/span><\/span><span style=\"color: #000000;\"><span style=\"font-size: large;\"><span lang=\"it-IT\"> 10), assicurando che ogni rito sia celebrato con dignit\u00e0, fedelt\u00e0 e partecipazione attiva dei fedeli.<\/span><\/span><\/span><\/span><\/p>\n<p align=\"JUSTIFY\"><span style=\"font-family: Times New Roman, serif;\"><span style=\"color: #000000;\"><span style=\"font-size: large;\"><span lang=\"it-IT\">Il nuovo <\/span><\/span><\/span><span style=\"color: #000000;\"><span style=\"font-size: large;\"><span lang=\"it-IT\"><span>Portale di Liturgia<\/span><\/span><\/span><\/span><span style=\"color: #000000;\"><span style=\"font-size: large;\"><span lang=\"it-IT\"> del sito della diocesi nasce con l\u2019obiettivo di offrire a parroci, ministri, catechisti e a tutti i fedeli uno strumento pratico e aggiornato per vivere la liturgia quotidiana e festiva. Attraverso il portale sar\u00e0 possibile accedere a:<\/span><\/span><\/span><\/span><\/p>\n<ul>\n<li>\n<p align=\"JUSTIFY\"><span style=\"font-family: Times New Roman, serif;\"><span style=\"color: #000000;\"><span style=\"font-size: large;\"><span lang=\"it-IT\"><strong>Calendari liturgici aggiornati, con le indicazioni per le feste solenni e le celebrazioni particolari<\/strong>;<\/span><\/span><\/span><\/span><\/p>\n<\/li>\n<li>\n<p align=\"JUSTIFY\"><strong><span style=\"font-family: Times New Roman, serif;\"><span style=\"color: #000000;\"><span style=\"font-size: large;\"><span lang=\"it-IT\">Testi e formulari liturgici approvati, garantendo la correttezza delle celebrazioni;<\/span><\/span><\/span><\/span><\/strong><\/p>\n<\/li>\n<li>\n<p align=\"JUSTIFY\"><strong><span style=\"font-family: Times New Roman, serif;\"><span style=\"color: #000000;\"><span style=\"font-size: large;\"><span lang=\"it-IT\">Risorse formative per approfondire il senso e la bellezza dei riti;<\/span><\/span><\/span><\/span><\/strong><\/p>\n<\/li>\n<li>\n<p align=\"JUSTIFY\"><strong><span style=\"font-family: Times New Roman, serif;\"><span style=\"color: #000000;\"><span style=\"font-size: large;\"><span lang=\"it-IT\">Materiali per la preparazione delle celebrazioni, dalla messa domenicale ai sacramenti.<\/span><\/span><\/span><\/span><\/strong><\/p>\n<\/li>\n<li>\n<p align=\"JUSTIFY\"><strong><span style=\"font-family: Times New Roman, serif;\"><span style=\"color: #000000;\"><span style=\"font-size: large;\"><span lang=\"it-IT\">Quesiti liturgici.<\/span><\/span><\/span><\/span><\/strong><\/p>\n<\/li>\n<li>\n<p align=\"JUSTIFY\"><strong><span style=\"font-family: Times New Roman, serif;\"><span style=\"color: #000000;\"><span style=\"font-size: large;\"><span lang=\"it-IT\">Arte floreale liturgica.<\/span><\/span><\/span><\/span><\/strong><\/p>\n<\/li>\n<\/ul>\n<p align=\"JUSTIFY\"><span style=\"font-family: Times New Roman, serif;\"><span style=\"color: #000000;\"><span style=\"font-size: large;\"><span lang=\"it-IT\">L\u2019Ufficio per il Culto Divino accompagna inoltre la formazione dei ministri straordinari, dei lettori e di quanti collaborano alla vita liturgica, promuovendo la comprensione e la corretta applicazione delle norme liturgiche, in armonia con le indicazioni della <\/span><\/span><\/span><span style=\"color: #000000;\"><span style=\"font-size: large;\"><span lang=\"it-IT\"><i><span>Sacrosanctum Concilium<\/span><\/i><\/span><\/span><\/span><span style=\"color: #000000;\"><span style=\"font-size: large;\"><span lang=\"it-IT\"> (<\/span><\/span><\/span><span style=\"color: #000000;\"><span style=\"font-size: large;\"><span lang=\"it-IT\"><i>SC<\/i><\/span><\/span><\/span><span style=\"color: #000000;\"><span style=\"font-size: large;\"><span lang=\"it-IT\"> 48-50) e dei successivi documenti della Conferenza Episcopale Italiana.<\/span><\/span><\/span><\/span><\/p>\n<p align=\"JUSTIFY\"><span style=\"font-family: Times New Roman, serif;\"><span style=\"color: #000000;\"><span style=\"font-size: large;\"><span lang=\"it-IT\">Il nuovo portale rappresenta un passo concreto verso la valorizzazione della <\/span><\/span><\/span><span style=\"color: #000000;\"><span style=\"font-size: large;\"><span lang=\"it-IT\"><span>partecipazione attiva dei fedeli<\/span><\/span><\/span><\/span><span style=\"color: #000000;\"><span style=\"font-size: large;\"><span lang=\"it-IT\"> e della bellezza della liturgia, favorendo una comunit\u00e0 pi\u00f9 viva, consapevole e unita nella preghiera.<\/span><\/span><\/span><\/span><\/p>\n<p align=\"JUSTIFY\"><span style=\"font-family: Times New Roman, serif;\"><span style=\"color: #000000;\"><span style=\"font-size: large;\"><span lang=\"it-IT\">Vi invitiamo a visitare il portale, esplorare le risorse disponibili e a utilizzarlo come strumento quotidiano per crescere nella fede attraverso la liturgia.<\/span><\/span><\/span><\/span><\/p>\n<p>[\/et_pb_text][\/et_pb_column][\/et_pb_row][et_pb_row _builder_version=&#8221;4.27.0&#8243; _module_preset=&#8221;default&#8221; global_colors_info=&#8221;{}&#8221;][et_pb_column type=&#8221;4_4&#8243; _builder_version=&#8221;4.27.0&#8243; _module_preset=&#8221;default&#8221; global_colors_info=&#8221;{}&#8221;][et_pb_toggle title=&#8221;Animazione Liturgica&#8221; _builder_version=&#8221;4.27.6&#8243; _module_preset=&#8221;default&#8221; custom_padding=&#8221;20px|||||&#8221; hover_enabled=&#8221;0&#8243; global_colors_info=&#8221;{}&#8221; sticky_enabled=&#8221;0&#8243;]<\/p>\n<h1 style=\"text-align: center;\"><span style=\"color: #339966;\"><img loading=\"lazy\" decoding=\"async\" src=\"https:\/\/diocesilanciano.it\/wp-content\/uploads\/2026\/01\/Screenshot-2026-01-23-alle-15.46.48-229x300.png\" width=\"113\" height=\"148\" alt=\"\" class=\"wp-image-6287 alignnone size-medium\" style=\"float: left;\" srcset=\"https:\/\/diocesilanciano.it\/wp-content\/uploads\/2026\/01\/Screenshot-2026-01-23-alle-15.46.48-229x300.png 229w, https:\/\/diocesilanciano.it\/wp-content\/uploads\/2026\/01\/Screenshot-2026-01-23-alle-15.46.48.png 378w\" sizes=\"(max-width: 113px) 100vw, 113px\" \/><\/span><\/h1>\n<h1 style=\"text-align: center;\"><span style=\"color: #339966;\"><\/span><\/h1>\n<h1 style=\"text-align: center;\"><strong><span style=\"color: #339966;\"><a href=\"https:\/\/liturgico.chiesacattolica.it\/12725-2\/\" style=\"color: #339966;\">https:\/\/liturgico.chiesacattolica.it\/12725-2\/<\/a><\/span><\/strong><\/h1>\n<h2 style=\"text-align: center;\"><span style=\"color: #ff0000;\"><strong><a href=\"https:\/\/diocesilanciano.it\/wp-content\/uploads\/2026\/04\/ROSARIO-PER-IL-MESE-DI-MAGGIO-2026.pdf\" rel=\"attachment wp-att-6490\" style=\"color: #ff0000;\">ROSARIO PER IL MESE DI MAGGIO 2026<\/a><\/strong><\/span><\/h2>\n<h2 style=\"text-align: center;\"><strong><span style=\"color: #339966;\"><a href=\"https:\/\/diocesilanciano.it\/wp-content\/uploads\/2026\/04\/5\u00b0-domenica-di-Pasqua-A-2026-1.pdf\" rel=\"attachment wp-att-6489\">5\u00b0-domenica-di-Pasqua-A-2026 (1)download<\/a><\/span><\/strong><\/h2>\n<h2 style=\"text-align: center;\"><span style=\"color: #0000ff;\"><strong><a href=\"https:\/\/diocesilanciano.it\/wp-content\/uploads\/2026\/04\/4\u00b0-domenica-di-Pasqua-A-2026-1.pdf\" rel=\"attachment wp-att-6485\" style=\"color: #0000ff;\">4\u00b0-domenica-di-Pasqua-A-2026 (1) download<\/a><\/strong><\/span><\/h2>\n<h2 style=\"text-align: center;\"><span style=\"color: #0000ff;\"><strong><a href=\"https:\/\/diocesilanciano.it\/wp-content\/uploads\/2026\/04\/3\u00b0-domenica-di-Pasqua-A-2026.pdf\" rel=\"attachment wp-att-6476\" style=\"color: #0000ff;\">3\u00b0-domenica di Pasqua- A 2026<\/a> download<\/strong><\/span><\/h2>\n<h3 style=\"text-align: center;\"><strong><span style=\"color: #339966;\"><span>Confirmatio per la memoria facoltativa di Santa Teresa di Calcutta e della Messa per la Custodia della Creazione \u2013 Ufficio liturgico nazionale\u00a0<\/span><a href=\"https:\/\/share.google\/UcGOsZQgonBgZcWPi\" rel=\"noopener noreferrer\" target=\"_blank\" data-saferedirecturl=\"https:\/\/www.google.com\/url?q=https:\/\/share.google\/UcGOsZQgonBgZcWPi&amp;source=gmail&amp;ust=1776541610476000&amp;usg=AOvVaw2JTdVHGdCdO7kruNwb5Ryy\">https:\/\/share.google\/<wbr \/>UcGOsZQgonBgZcWPi<\/a><\/span><\/strong><\/h3>\n<h2 style=\"text-align: center;\"><strong><span style=\"color: #339966;\"><a href=\"https:\/\/diocesilanciano.it\/wp-content\/uploads\/2026\/04\/2\u00b0-domenica-di-Pasqua-A-2026-1.pdf\" rel=\"attachment wp-att-6471\">2\u00b0-domenica-di-Pasqua-A-2026 (1)<\/a><\/span><\/strong><\/h2>\n<h2 style=\"text-align: center;\"><span style=\"color: #ff0000;\"><strong><a href=\"https:\/\/diocesilanciano.it\/wp-content\/uploads\/2026\/04\/7-Lunedi-Ottava-Pasqua-26.pdf\" rel=\"attachment wp-att-6450\" style=\"color: #ff0000;\"><span style=\"color: #ff00ff;\">7 Lunedi-Ottava-Pasqua 26<\/span><\/a><\/strong><\/span><\/h2>\n<p style=\"text-align: center;\"><span style=\"color: #ff0000;\"><strong><span style=\"color: #ff00ff;\"><img loading=\"lazy\" decoding=\"async\" src=\"https:\/\/diocesilanciano.it\/wp-content\/uploads\/2026\/04\/IMG-20260328-WA0036-300x240.jpg\" width=\"300\" height=\"240\" alt=\"\" class=\"wp-image-6459 alignnone size-medium\" \/><\/span><\/strong><\/span><\/p>\n<h2 style=\"text-align: center;\"><span style=\"color: #ff00ff;\"><strong><a href=\"https:\/\/diocesilanciano.it\/wp-content\/uploads\/2026\/04\/6-Domenica-della-Risurrezione-A-B-C-26.pdf\" rel=\"attachment wp-att-6449\" style=\"color: #ff00ff;\">6 Domenica-della-Risurrezione-A-B-C-26<\/a><\/strong><\/span><\/h2>\n<h2 style=\"text-align: center;\"><span style=\"color: #ff00ff;\"><strong><a href=\"https:\/\/diocesilanciano.it\/wp-content\/uploads\/2026\/04\/5-PROCESSIONE-DEL-VENERDI-SANTO-2026.pdf\" rel=\"attachment wp-att-6448\" style=\"color: #ff00ff;\">5 PROCESSIONE DEL VENERDI\u0300 SANTO 2026<\/a><\/strong><\/span><\/h2>\n<h2 style=\"text-align: center;\"><span style=\"color: #ff00ff;\"><strong><a href=\"https:\/\/diocesilanciano.it\/wp-content\/uploads\/2026\/04\/4-ADORAZIONE-EUCARISTICA-GIOVEDI-SANTO-2026.pdf\" rel=\"attachment wp-att-6447\" style=\"color: #ff00ff;\">4 ADORAZIONE EUCARISTICA GIOVEDI&#8217; SANTO 2026<\/a><\/strong><\/span><\/h2>\n<h2 style=\"text-align: center;\"><span style=\"color: #ff00ff;\"><strong><a href=\"https:\/\/diocesilanciano.it\/wp-content\/uploads\/2026\/04\/3-ACCOGLIENZA-DEGLI-OLI-SACRI-MESSA-VESPERTINA-DELLA-CENA-DEL-SIGNORE.pdf\" rel=\"attachment wp-att-6446\" style=\"color: #ff00ff;\">3 ACCOGLIENZA DEGLI OLI SACRI MESSA VESPERTINA DELLA CENA DEL SIGNORE<\/a><\/strong><\/span><\/h2>\n<h2 style=\"text-align: center;\"><span style=\"color: #ff00ff;\"><strong><a href=\"https:\/\/diocesilanciano.it\/wp-content\/uploads\/2026\/04\/2-Informazioni-per-la-Messa-Crismale-2026.pdf\" rel=\"attachment wp-att-6445\" style=\"color: #ff00ff;\">2 Informazioni per la Messa Crismale 2026<\/a>\u00a0<\/strong><\/span><\/h2>\n<h2 style=\"text-align: center;\"><span style=\"color: #ff00ff;\"><strong><a href=\"https:\/\/diocesilanciano.it\/wp-content\/uploads\/2026\/04\/1-La-celebrazione-del-Triduo-Pasqaule-2026.pdf\" rel=\"attachment wp-att-6444\" style=\"color: #ff00ff;\">1 La celebrazione del Triduo Pasqaule 2026 download<\/a><\/strong><\/span><\/h2>\n<h2 style=\"text-align: center;\"><span style=\"color: #ff00ff;\"><strong><a href=\"https:\/\/diocesilanciano.it\/wp-content\/uploads\/2026\/03\/Domenica-Palme-senza-processione-A.pdf\" rel=\"attachment wp-att-6383\" style=\"color: #ff00ff;\">Domenica-Palme-senza-processione-A download<\/a> <\/strong><\/span><\/h2>\n<h2 style=\"text-align: center;\"><span style=\"color: #ff00ff;\"><strong><a href=\"https:\/\/diocesilanciano.it\/wp-content\/uploads\/2026\/03\/Domenica-Palme-con-processione-A.pdf\" rel=\"attachment wp-att-6384\" style=\"color: #ff00ff;\">Domenica-Palme-con-processione-A download<\/a><\/strong><\/span><\/h2>\n<h2 class=\"p1\" style=\"text-align: center;\"><span style=\"color: #ff00ff;\"><strong><a href=\"https:\/\/diocesilanciano.it\/wp-content\/uploads\/2026\/03\/Quaresima-5-A-2023.pdf\" rel=\"attachment wp-att-6378\" style=\"color: #ff00ff;\">Quaresima-5-A-2023 download<\/a><\/strong><\/span><\/h2>\n<p class=\"p1\" style=\"text-align: center;\"><img loading=\"lazy\" decoding=\"async\" src=\"https:\/\/diocesilanciano.it\/wp-content\/uploads\/2026\/03\/IMG-20260319-WA0055-212x300.jpg\" width=\"260\" height=\"368\" alt=\"\" class=\"wp-image-6371 alignnone size-medium\" \/><\/p>\n<p class=\"p1\" style=\"text-align: center;\">\u00a0<img loading=\"lazy\" decoding=\"async\" src=\"https:\/\/diocesilanciano.it\/wp-content\/uploads\/2026\/03\/IMG-20260318-WA0029-300x300.jpg\" width=\"258\" height=\"258\" alt=\"\" class=\"wp-image-6372 alignnone size-medium\" \/><\/p>\n<h2 class=\"p1\" style=\"text-align: center;\"><a href=\"https:\/\/diocesilanciano.it\/wp-content\/uploads\/2026\/03\/03-25-Annunciazione-2026.pdf\" rel=\"attachment wp-att-6370\">03-25-Annunciazione-2026 download<\/a><\/h2>\n<p class=\"p1\" style=\"text-align: center;\"><span style=\"color: #ff0000;\"><b>GIORNATA DI PREGHIERA E DIGIUNO PER LA PACE <\/b><b>Venerd\u00ec 13 marzo 2026<\/b><\/span><\/p>\n<h2 style=\"text-align: center;\"><span style=\"color: #ff0000;\"><strong><a href=\"https:\/\/diocesilanciano.it\/wp-content\/uploads\/2026\/03\/Preghiera-13-marzo-2026.pdf\" rel=\"attachment wp-att-6358\" style=\"color: #ff0000;\">Preghiera 13 marzo 2026 download<\/a> <\/strong><\/span><\/h2>\n<h2 style=\"text-align: center;\"><span style=\"color: #ff0000;\"><strong><a href=\"https:\/\/diocesilanciano.it\/wp-content\/uploads\/2026\/03\/Quaresima-4-A-2026.pdf\" rel=\"attachment wp-att-6359\" style=\"color: #ff0000;\">Quaresima-4-A-2026 download<\/a><\/strong><\/span><\/h2>\n<h2><\/h2>\n<div id=\":18m\">\n<div id=\":19r\">\n<div class=\"KKSLrd\"><\/div>\n<div class=\"qQVYZb\" style=\"text-align: center;\"><strong><a href=\"https:\/\/www.evangelizatio.va\/content\/pcpne\/it\/attivita\/24ore\/24-ore-per-il-signore-2026.html\">https:\/\/www.evangelizatio.va\/content\/pcpne\/it\/attivita\/24ore\/24-ore-per-il-signore-2026.html<\/a><\/strong><\/div>\n<div class=\"qQVYZb\" style=\"text-align: center;\"><strong><\/strong><\/div>\n<\/div>\n<div class=\"wl4W9b\" jsaction=\"LNSvUb:.CLIENT;xSdBYb:.CLIENT;CDWmBe:.CLIENT;EtHLdc:.CLIENT;pQnh7:.CLIENT;pKHw7e:.CLIENT;Z03mxd:.CLIENT;NZLNxf:.CLIENT;bXglpe:.CLIENT;mzh2Bc:.CLIENT\" style=\"text-align: center;\"><strong>\u00a0<a href=\"https:\/\/www.chiesacattolica.it\/medio-oriente-il-13-marzo-giornata-di-preghiera-e-digiuno-per-la-pace\/\" target=\"_blank\" data-saferedirecturl=\"https:\/\/www.google.com\/url?q=https:\/\/www.chiesacattolica.it\/medio-oriente-il-13-marzo-giornata-di-preghiera-e-digiuno-per-la-pace\/&amp;source=gmail&amp;ust=1773146428557000&amp;usg=AOvVaw19nAt6sb3NwkRIiBY7qrKK\" rel=\"noopener\">https:\/\/www.chiesacattolica.<wbr \/>it\/medio-oriente-il-13-marzo-<wbr \/>giornata-di-preghiera-e-<wbr \/>digiuno-per-la-pace\/<\/a><\/strong><\/div>\n<\/div>\n<div class=\"\">\n<div class=\"ii gt\" jslog=\"20277; u014N:xr6bB; 1:WyIjdGhyZWFkLWY6MTg1OTE2MTY0MzQxNDE4Nzg5OSJd; 4:WyIjbXNnLWY6MTg1OTE2MTY0MzQxNDE4Nzg5OSIsbnVsbCxudWxsLG51bGwsMSwwLFsxLDAsMF0sNCwxMDQsbnVsbCxudWxsLG51bGwsbnVsbCxudWxsLDEsbnVsbCxudWxsLFswXSxudWxsLG51bGwsbnVsbCxudWxsLG51bGwsbnVsbCwwLDAsbnVsbCxudWxsLG51bGwsbnVsbCxbMSwwXV0.\" id=\":18u\">\n<div class=\"a3s aiL\" id=\":19s\">\n<div id=\"avWBGd-128\">\n<div dir=\"auto\">\n<div class=\"yj6qo\"><\/div>\n<div class=\"adL\"><\/div>\n<\/div>\n<\/div>\n<\/div>\n<\/div>\n<\/div>\n<p><strong><span style=\"color: #339966;\"><\/span><\/strong><\/p>\n<h1 style=\"text-align: center;\"><strong><span style=\"color: #339966;\"><a href=\"https:\/\/diocesilanciano.it\/wp-content\/uploads\/2026\/03\/Quaresima-3A-2026.pdf\" rel=\"attachment wp-att-6355\">Quaresima-3A-2026 download<\/a><\/span><\/strong><\/h1>\n<h1 style=\"text-align: center;\"><strong><span style=\"color: #ff00ff;\"><\/span><\/strong><\/h1>\n<h1 style=\"text-align: center;\"><strong><span style=\"color: #ff00ff;\"><a href=\"https:\/\/diocesilanciano.it\/wp-content\/uploads\/2026\/02\/Quaresima-2A-2026-1.docx\" rel=\"attachment wp-att-6347\">Quaresima-2A-2026 download<\/a><\/span><\/strong><\/h1>\n<h2 style=\"text-align: center;\"><span style=\"color: #ff00ff;\"><strong><\/strong><\/span><\/h2>\n<h2 style=\"text-align: center;\"><span style=\"color: #ff00ff;\"><strong><\/strong><\/span><\/h2>\n<h2 style=\"text-align: center;\"><span style=\"color: #ff00ff;\"><strong><a href=\"https:\/\/diocesilanciano.it\/wp-content\/uploads\/2026\/02\/Mercoledi-delle-Ceneri-2026.pdf\" rel=\"attachment wp-att-6336\" style=\"color: #ff00ff;\">Mercoledi-delle-Ceneri 2026 download<\/a><\/strong><\/span><\/h2>\n<p style=\"text-align: center;\"><span style=\"color: #ff00ff;\"><strong><img loading=\"lazy\" decoding=\"async\" src=\"https:\/\/diocesilanciano.it\/wp-content\/uploads\/2026\/02\/Quaresima_cover-300x169.jpg\" width=\"300\" height=\"169\" alt=\"\" class=\"wp-image-6337 alignnone size-medium\" \/><\/strong><\/span><\/p>\n<p style=\"text-align: center;\"><span style=\"color: #ff00ff;\"><strong><\/strong><\/span><\/p>\n<h2 style=\"text-align: center;\"><span style=\"color: #ff00ff;\"><strong><a href=\"https:\/\/diocesilanciano.it\/wp-content\/uploads\/2026\/02\/Quaresima-1A-2026.pdf\" rel=\"attachment wp-att-6338\" style=\"color: #ff00ff;\">Quaresima-1A-2026 download<\/a><\/strong><\/span><\/h2>\n<p><strong><span style=\"color: #339966;\"><\/span><\/strong><\/p>\n<p><span style=\"color: #339966;\"><\/span><\/p>\n<p><span style=\"color: #339966;\"><\/span><\/p>\n<h3 style=\"text-align: center;\"><\/h3>\n<h3 style=\"text-align: center;\"><span style=\"color: #ff0000;\"><a href=\"https:\/\/diocesilanciano.it\/wp-content\/uploads\/2026\/01\/PRESENTAZIONE-DI-GESU-AL-TEMPIO-2026.pdf\" rel=\"attachment wp-att-6298\">PRESENTAZIONE DI GESU&#8217; AL TEMPIO 2026 (download)<\/a><\/span><\/h3>\n<p style=\"text-align: center;\"><img loading=\"lazy\" decoding=\"async\" src=\"https:\/\/diocesilanciano.it\/wp-content\/uploads\/2026\/01\/IMG-20260120-WA0055-212x300.jpg\" width=\"212\" height=\"300\" alt=\"\" class=\"wp-image-6297 alignnone size-medium\" \/><\/p>\n<h3 style=\"text-align: center;\"><span style=\"color: #ff0000;\"><a href=\"https:\/\/diocesilanciano.it\/wp-content\/uploads\/2026\/01\/02-03-San-Biagio-2026.pdf\" rel=\"attachment wp-att-6299\">02-03-San-Biagio-2026 (download)<\/a><\/span><\/h3>\n<h3 style=\"text-align: center;\"><span style=\"color: #ff0000;\"><\/span><\/h3>\n<h3 style=\"text-align: center;\"><span style=\"color: #ff0000;\">III DOMENICA DEL TEMPO ORDINARIO A<\/span><\/h3>\n<h3 style=\"text-align: center;\"><span style=\"color: #99cc00;\"><a href=\"https:\/\/diocesilanciano.it\/wp-content\/uploads\/2026\/01\/03\u00b0-domenica-tempo-ordinario-A-2026-1.pdf\" rel=\"attachment wp-att-6278\">03\u00b0-domenica-tempo-ordinario-A-2026 (1)<\/a><\/span>download<\/h3>\n<h3 style=\"text-align: center;\"><span style=\"color: #ff0000;\">IV DOMENICA DEL TEMPO ORDINARIO A<\/span><\/h3>\n<h3 style=\"text-align: center;\"><span style=\"color: #99cc00;\"><a href=\"https:\/\/diocesilanciano.it\/wp-content\/uploads\/2026\/01\/04\u00b0-domenica-tempo-ordinario-A-2026-1.pdf\" rel=\"attachment wp-att-6279\">04\u00b0-domenica-tempo-ordinario-A-2026 (1)download<\/a> <\/span><\/h3>\n<h3 style=\"text-align: center;\"><span style=\"color: #ff0000;\">V DOMENICA DEL TEMPO ORDINARIO A<\/span><\/h3>\n<h3 style=\"text-align: center;\"><span style=\"color: #99cc00;\"><a href=\"https:\/\/diocesilanciano.it\/wp-content\/uploads\/2026\/01\/05\u00b0-domenica-tempo-ordinario-A-2026.pdf\" rel=\"attachment wp-att-6280\">05\u00b0-domenica-tempo-ordinario-A-2026download<\/a><\/span><\/h3>\n<h3 style=\"text-align: center;\"><span style=\"color: #ff0000;\">VI DOMENICA DEL TEMPO ORDINARIO A <\/span><\/h3>\n<h3 style=\"text-align: center;\"><span style=\"color: #99cc00;\"><a href=\"https:\/\/diocesilanciano.it\/wp-content\/uploads\/2026\/01\/06\u00b0-domenica-tempo-ordinario-A-2026-1.pdf\" rel=\"attachment wp-att-6281\">06\u00b0-domenica-tempo-ordinario-A-2026 (1)download<\/a><\/span><\/h3>\n<p><span style=\"color: #99cc00;\"><\/span><\/p>\n<h3 class=\"p1\" style=\"text-align: center;\"><span style=\"color: #ff6600;\">VII DOMENICA DELLA PAROLA DI DIO <\/span><span style=\"color: #ff6600;\">25 GENNAIO 2026<\/span><\/h3>\n<h3 style=\"text-align: center;\"><span style=\"color: #ff6600;\"><a href=\"https:\/\/diocesilanciano.it\/wp-content\/uploads\/2026\/01\/La-Parola-di-Cristo-abiti-tra-voi-Col-316_compressed.pdf\" rel=\"attachment wp-att-6291\">La Parola di Cristo abiti tra voi (Col 3,16) DOWNLOAD<\/a><\/span><\/h3>\n<p><span style=\"color: #ff6600;\"><\/span><\/p>\n<h3 align=\"CENTER\"><span style=\"color: #bf8f00;\"><span style=\"font-size: x-large;\"><b>Santo Natale\u00a0<\/b><\/span><\/span><\/h3>\n<h3 align=\"CENTER\"><span style=\"color: #ff0000;\"><a href=\"https:\/\/diocesilanciano.it\/wp-content\/uploads\/2025\/12\/01-Natale-Messa-vigiliare-1.pdf\" rel=\"attachment wp-att-6134\" style=\"color: #ff0000;\">01-Natale-Messa-vigiliare (1)<\/a><\/span><\/h3>\n<h3 align=\"CENTER\"><span style=\"color: #ff0000;\"><a href=\"https:\/\/diocesilanciano.it\/wp-content\/uploads\/2025\/12\/03-Natale-Nella-Notte-con-Calenda-2.pdf\" rel=\"attachment wp-att-6137\" style=\"color: #ff0000;\">03-Natale-Nella-Notte-con-Calenda (2)<\/a><\/span><\/h3>\n<h3 align=\"CENTER\"><span style=\"color: #ff0000;\"><span style=\"font-size: x-large;\"><a href=\"https:\/\/diocesilanciano.it\/wp-content\/uploads\/2025\/12\/02-Natale-Nella-Notte-3.pdf\" rel=\"attachment wp-att-6136\" style=\"color: #ff0000;\">02-Natale-Nella-Notte (3)<\/a><\/span><\/span><\/h3>\n<h3 align=\"CENTER\"><span style=\"color: #ff0000;\"><a href=\"https:\/\/diocesilanciano.it\/wp-content\/uploads\/2025\/12\/03-Natale-Nella-Notte-con-Calenda-2.pdf\" rel=\"attachment wp-att-6137\" style=\"color: #ff0000;\">03-Natale-Nella-Notte-con-Calenda (2)<\/a><\/span><\/h3>\n<h3 align=\"CENTER\"><span style=\"color: #ff0000;\"><a href=\"https:\/\/diocesilanciano.it\/wp-content\/uploads\/2025\/12\/Kalenda-2025.pdf\" rel=\"attachment wp-att-6138\" style=\"color: #ff0000;\">Kalenda-2025 pdf download<\/a><\/span><\/h3>\n<h3 align=\"CENTER\"><span style=\"color: #ff0000;\"><span style=\"font-size: x-large;\"><a href=\"https:\/\/diocesilanciano.it\/wp-content\/uploads\/2025\/12\/03-Natale-AllAurora-2025-docx.pdf\" rel=\"attachment wp-att-6150\" style=\"color: #ff0000;\">03-Natale-All&#8217;Aurora 2025 pdf download<\/a><\/span><\/span><\/h3>\n<h3 align=\"CENTER\"><span style=\"color: #ff0000;\"><span style=\"font-size: x-large;\"><a href=\"https:\/\/diocesilanciano.it\/wp-content\/uploads\/2025\/12\/04-Natale-Giorno-2025-1.pdf\" rel=\"attachment wp-att-6151\" style=\"color: #ff0000;\">04-Natale-Giorno 2025 pdf download<\/a><\/span><\/span><\/h3>\n<h3 align=\"CENTER\"><span style=\"color: #ff0000;\"><span style=\"font-size: x-large;\"><a href=\"https:\/\/diocesilanciano.it\/wp-content\/uploads\/2025\/12\/EPIFANIA-DEL-SIGNORE-2025.pdf\" rel=\"attachment wp-att-6152\" style=\"color: #ff0000;\">EPIFANIA DEL SIGNORE-2025 pdf download<\/a><\/span><\/span><\/h3>\n<h3 align=\"CENTER\"><span style=\"color: #ff0000;\"><span style=\"font-size: x-large;\"><a href=\"https:\/\/diocesilanciano.it\/wp-content\/uploads\/2025\/12\/Santo-Stefano-2025-docx.pdf\" rel=\"attachment wp-att-6154\" style=\"color: #ff0000;\">Santo-Stefano-2025 docx download<\/a><\/span><\/span><span style=\"color: #ff0000;\"><span style=\"font-size: x-large;\"><\/span><\/span><span style=\"color: #ff0000;\"><span style=\"font-size: x-large;\"><\/span><\/span><\/h3>\n<p style=\"text-align: center;\"><span style=\"color: #ff0000;\"><span style=\"font-size: x-large;\"><a href=\"https:\/\/diocesilanciano.it\/wp-content\/uploads\/2025\/12\/11-Santa-Famiglia-A-2025.pdf\" rel=\"attachment wp-att-6245\"><span style=\"color: #ff0000;\">Santa-Famiglia-A-2025<\/span><\/a><\/span><\/span><\/p>\n<h3 align=\"CENTER\"><span style=\"color: #ff0000;\"><span style=\"font-size: x-large;\"><a href=\"https:\/\/diocesilanciano.it\/wp-content\/uploads\/2025\/12\/Madre-di-Dio-31-Dicembre-Messa-Vespertina-Fine-anno-2025-1.pdf\" rel=\"attachment wp-att-6153\" style=\"color: #ff0000;\">Madre-di-Dio-31-Dicembre-Messa-Vespertina-Fine-anno 2025 (1) download<\/a><\/span><\/span><span style=\"color: #ff0000;\"><span style=\"font-size: x-large;\"><\/span><\/span><\/h3>\n<p style=\"text-align: center;\"><span style=\"color: #ff0000;\"><span style=\"font-size: x-large;\"><a href=\"https:\/\/diocesilanciano.it\/wp-content\/uploads\/2025\/12\/1-Adorazione-eucaristica-e-Te-Deum-fine-anno-2025.pdf\" rel=\"attachment wp-att-6248\" style=\"color: #ff0000;\"> Adorazione eucaristica e Te Deum fine anno 2025<\/a><\/span><\/span><\/p>\n<h3 style=\"text-align: center;\"><span style=\"color: #ff0000;\"><a href=\"https:\/\/diocesilanciano.it\/wp-content\/uploads\/2025\/12\/2-Madre-di-Dio-2026.pdf\" rel=\"attachment wp-att-6251\" style=\"color: #ff0000;\">\u00a0Madre-di-Dio-2026<\/a>\u00a0<\/span><\/h3>\n<h3 style=\"text-align: center;\"><span style=\"color: #ff0000;\"><a href=\"https:\/\/diocesilanciano.it\/wp-content\/uploads\/2025\/12\/3-Domenica-2-dopo-Natale-A-2026.pdf\" rel=\"attachment wp-att-6252\" style=\"color: #ff0000;\">Domenica-2-dopo-Natale A 2026<\/a><\/span><\/h3>\n<h3 style=\"text-align: center;\"><span style=\"color: #ff0000;\"><a href=\"https:\/\/diocesilanciano.it\/wp-content\/uploads\/2026\/01\/Battesimo-del-Signore-A-2026-1.pdf\" rel=\"attachment wp-att-6258\" style=\"color: #ff0000;\">Battesimo-del-Signore-A-2026 (1)pdf download<\/a><\/span><\/h3>\n<h3 style=\"text-align: center;\"><span style=\"color: #ff0000;\"><a href=\"https:\/\/diocesilanciano.it\/wp-content\/uploads\/2026\/01\/02\u00b0-domenica-tempo-ordinario-A-26.pdf\" rel=\"attachment wp-att-6257\" style=\"color: #ff0000;\">02\u00b0-domenica-tempo-ordinario-A- 26 pdf download<\/a><\/span><\/h3>\n<p align=\"CENTER\"><span style=\"color: #bf8f00;\"><\/span><\/p>\n<p align=\"CENTER\"><img loading=\"lazy\" decoding=\"async\" src=\"https:\/\/diocesilanciano.it\/wp-content\/uploads\/2025\/12\/Presepe-di-Greccio-300x171.jpg\" width=\"300\" height=\"171\" alt=\"\" class=\"wp-image-6133 size-medium\" \/><span style=\"color: #bf8f00;\"><span style=\"font-size: x-large;\"><b><\/b><\/span><\/span><\/p>\n<p align=\"CENTER\"><span style=\"color: #bf8f00;\"><span style=\"font-size: x-large;\"><b>Novena di Natale 2025<\/b><\/span><\/span><\/p>\n<p align=\"CENTER\"><span style=\"color: #bf8f00;\">\u201c<span style=\"font-size: xx-large;\"><span lang=\"it-IT\"><b>Nell\u2019unit\u00e0 della Fede<\/b><\/span><\/span><\/span><\/p>\n<p align=\"CENTER\"><span style=\"color: #bf8f00;\"><span style=\"font-size: xx-large;\"><span lang=\"it-IT\"><b><img loading=\"lazy\" decoding=\"async\" src=\"https:\/\/diocesilanciano.it\/wp-content\/uploads\/2025\/12\/In-unitate-Fidei-2025-novena-di-Natale-233x300.png\" width=\"233\" height=\"300\" alt=\"\" class=\"wp-image-6026 alignnone size-medium\" \/><\/b><\/span><\/span><\/span><\/p>\n<p align=\"CENTER\"><span style=\"color: #bf8f00;\"><span style=\"font-size: xx-large;\"><span lang=\"it-IT\"><b><a href=\"https:\/\/diocesilanciano.it\/wp-content\/uploads\/2025\/12\/In-unitate-Fidei-2025-novena-di-Natale.pdf\" rel=\"attachment wp-att-6027\">In unitate Fidei-2025-novena di Natale<\/a>pdf download<br \/><\/b><\/span><\/span><\/span><\/p>\n<p>&nbsp;<\/p>\n<p><span style=\"color: #99cc00;\"><\/span><\/p>\n<p align=\"CENTER\"><span style=\"color: #ff00ff;\"><span style=\"font-family: Times New Roman, serif;\"><span style=\"font-size: xx-large;\"><b>RITO DELL\u2019ACCENSIONE DELLE QUATTRO CANDELE DI AVVENTO<\/b><\/span><\/span><\/span><\/p>\n<p align=\"CENTER\"><span style=\"color: #ff00ff;\"><span style=\"font-family: Times New Roman, serif;\"><span style=\"font-size: large;\"><i>(da celebrare all\u2019inizio della Messa o di un momento di preghiera<\/i><\/span><\/span><span style=\"font-family: Times New Roman, serif;\"><span style=\"font-size: large;\"><span lang=\"it-IT\"><i>)<\/i><\/span><\/span><\/span><\/span><\/p>\n<p align=\"CENTER\"><strong><span style=\"color: #ff00ff;\"><span style=\"font-family: Times New Roman, serif;\"><span style=\"font-size: large;\"><span lang=\"it-IT\"><a href=\"https:\/\/diocesilanciano.it\/wp-content\/uploads\/2025\/11\/RITO-DELLACCENSIONE-DELLE-4-CANDELE-DI-AVVENTO-2025.pdf\" rel=\"attachment wp-att-6011\">RITO DELL&#8217;ACCENSIONE DELLE 4 CANDELE DI AVVENTO 2025pdf download<\/a><\/span><\/span><\/span><\/span><\/strong><\/p>\n<p align=\"CENTER\"><span style=\"color: #ff00ff;\"><span style=\"font-family: Times New Roman, serif;\"><span style=\"font-size: large;\"><span lang=\"it-IT\"><i><\/i><\/span><\/span><\/span><\/span><\/p>\n<p align=\"CENTER\"><span style=\"color: #ff00ff;\"><span style=\"font-family: Times New Roman, serif;\"><span style=\"font-size: large;\"><span lang=\"it-IT\"><i><img loading=\"lazy\" decoding=\"async\" src=\"https:\/\/diocesilanciano.it\/wp-content\/uploads\/2025\/11\/cand-300x300.jpg\" width=\"300\" height=\"300\" alt=\"\" class=\"wp-image-6009 alignnone size-medium\" srcset=\"https:\/\/diocesilanciano.it\/wp-content\/uploads\/2025\/11\/cand-300x300.jpg 300w, https:\/\/diocesilanciano.it\/wp-content\/uploads\/2025\/11\/cand-150x150.jpg 150w, https:\/\/diocesilanciano.it\/wp-content\/uploads\/2025\/11\/cand.jpg 320w\" sizes=\"(max-width: 300px) 100vw, 300px\" \/><\/i><\/span><\/span><\/span><\/span><\/p>\n<p align=\"CENTER\"><span style=\"color: #ff00ff;\"><span style=\"font-family: Times New Roman, serif;\"><span style=\"font-size: large;\"><span lang=\"it-IT\"><i><\/i><\/span><\/span><\/span><\/span><\/p>\n<p>&nbsp;<\/p>\n<h2 class=\"p1\" style=\"text-align: center;\"><b>TEMPO DI AVVENTO 2025<\/b><\/h2>\n<p class=\"p2\" style=\"text-align: center;\"><b><i>ANNO A<\/i><\/b><\/p>\n<h2 class=\"p3\" style=\"text-align: center;\"><span style=\"color: #ff0000;\"><b>I DOMENICA DI AVVENTO A<\/b><\/span><\/h2>\n<p style=\"text-align: center;\"><strong><a href=\"https:\/\/diocesilanciano.it\/wp-content\/uploads\/2025\/11\/01-Avvento-A-2025-1.pdf\" rel=\"attachment wp-att-5987\">01-Avvento-A-2025pdf download<\/a><\/strong><\/p>\n<h2 class=\"p1\" style=\"text-align: center;\"><span style=\"color: #ff0000;\"><b>II DOMENICA DI AVVENTO A<\/b><\/span><\/h2>\n<p style=\"text-align: center;\"><strong><span style=\"color: #ff0000;\"><a href=\"https:\/\/diocesilanciano.it\/wp-content\/uploads\/2025\/11\/02-Avvento-A-2025.pdf\" rel=\"attachment wp-att-5997\">02-Avvento-A-2025pdf download<\/a><\/span><\/strong><\/p>\n<p style=\"text-align: center;\"><span style=\"color: #ff0000;\"><b><span style=\"font-size: large;\">IMMACOLATA CONCEZIONE<\/span><\/b><\/span><\/p>\n<h2 align=\"CENTER\" style=\"text-align: center;\"><span style=\"color: #ff0000;\"><b><span style=\"font-size: large;\">DELLA B. V. MARIA<\/span><\/b><\/span><\/h2>\n<p style=\"text-align: center;\"><span style=\"color: #ff0000;\"><b><span style=\"font-size: large;\"><\/span><\/b><\/span><\/p>\n<p style=\"text-align: center;\"><strong><a href=\"https:\/\/diocesilanciano.it\/wp-content\/uploads\/2025\/11\/Immacolata-Concezione-2025.pdf\" rel=\"attachment wp-att-5998\">Immacolata-Concezione-2025 pdf download<\/a><\/strong><\/p>\n<h2 align=\"CENTER\"><span style=\"font-size: xx-large; color: #ff0000;\"><b><span style=\"font-size: x-large;\">III DOMENICA DI AVVENTO A<\/span><\/b><\/span><\/h2>\n<h2 class=\"western\" align=\"CENTER\"><span style=\"color: #ff0000;\"><span style=\"font-size: large;\"><i>Domenica Gaudete<\/i><\/span><\/span><\/h2>\n<p style=\"text-align: center;\"><strong><a href=\"https:\/\/diocesilanciano.it\/wp-content\/uploads\/2025\/11\/03-Avvento-A-2025.pdf\" rel=\"attachment wp-att-6005\">03-Avvento-A-2025 pdf download<\/a><\/strong><\/p>\n<p style=\"text-align: center;\"><span style=\"color: #333399;\"><span style=\"font-size: large;\"><\/span><\/span><\/p>\n<p align=\"CENTER\"><span style=\"font-size: xx-large; color: #ff0000;\"><b><span style=\"font-size: x-large;\">IV DOMENICA DI AVVENTO A<\/span><\/b><\/span><span style=\"font-size: xx-large; color: #333399;\"><b><span style=\"font-size: x-large;\"><\/span><\/b><\/span><\/p>\n<p align=\"CENTER\"><span style=\"font-size: xx-large; color: #ff0000;\"><b><span style=\"font-size: x-large;\"><a href=\"https:\/\/diocesilanciano.it\/wp-content\/uploads\/2025\/11\/04-Avvento-A-2025.pdf\" rel=\"attachment wp-att-6006\">04-Avvento-A-2025pdf download<\/a><\/span><\/b><\/span><\/p>\n<p>[\/et_pb_toggle][et_pb_toggle title=&#8221;Ministri Comunione \u2013 Documenti e Moduli&#8221; _builder_version=&#8221;4.27.6&#8243; _module_preset=&#8221;default&#8221; global_colors_info=&#8221;{}&#8221;]<\/p>\n<p><img loading=\"lazy\" decoding=\"async\" src=\"https:\/\/diocesilanciano.it\/wp-content\/uploads\/2026\/04\/IMG-20260319-WA0055-212x300.jpg\" width=\"212\" height=\"300\" alt=\"\" class=\"wp-image-6468 alignnone size-medium\" \/><\/p>\n<p>[\/et_pb_toggle][et_pb_toggle title=&#8221;Sezione Pastorale&#8221; _builder_version=&#8221;4.27.4&#8243; _module_preset=&#8221;default&#8221; global_colors_info=&#8221;{}&#8221;]<\/p>\n<p>Your content goes here. Edit or remove this text inline or in the module Content settings. You can also style every aspect of this content in the module Design settings and even apply custom CSS to this text in the module Advanced settings.<\/p>\n<p>[\/et_pb_toggle][et_pb_toggle title=&#8221;Sezione Arte&#8221; _builder_version=&#8221;4.27.4&#8243; _module_preset=&#8221;default&#8221; global_colors_info=&#8221;{}&#8221;]<\/p>\n<p>Your content goes here. Edit or remove this text inline or in the module Content settings. You can also style every aspect of this content in the module Design settings and even apply custom CSS to this text in the module Advanced settings.<\/p>\n<p>[\/et_pb_toggle][et_pb_toggle title=&#8221;Sezione Musica&#8221; _builder_version=&#8221;4.27.4&#8243; _module_preset=&#8221;default&#8221; global_colors_info=&#8221;{}&#8221;]<\/p>\n<p>Your content goes here. Edit or remove this text inline or in the module Content settings. You can also style every aspect of this content in the module Design settings and even apply custom CSS to this text in the module Advanced settings.<\/p>\n<p>[\/et_pb_toggle][et_pb_toggle title=&#8221;Commissione&#8221; _builder_version=&#8221;4.27.4&#8243; _module_preset=&#8221;default&#8221; global_colors_info=&#8221;{}&#8221;]<\/p>\n<p>Your content goes here. Edit or remove this text inline or in the module Content settings. You can also style every aspect of this content in the module Design settings and even apply custom CSS to this text in the module Advanced settings.<\/p>\n<p>[\/et_pb_toggle][et_pb_toggle title=&#8221;Archivio notizie&#8221; _builder_version=&#8221;4.27.4&#8243; _module_preset=&#8221;default&#8221; global_colors_info=&#8221;{}&#8221;]<\/p>\n<p>Your content goes here. Edit or remove this text inline or in the module Content settings. You can also style every aspect of this content in the module Design settings and even apply custom CSS to this text in the module Advanced settings.<\/p>\n<p>[\/et_pb_toggle][et_pb_toggle title=&#8221;Officina Liturgica&#8221; _builder_version=&#8221;4.27.4&#8243; _module_preset=&#8221;default&#8221; global_colors_info=&#8221;{}&#8221;]<\/p>\n<p align=\"CENTER\"><span style=\"font-family: Times New Roman, serif;\"><span style=\"color: #c00000;\"><span style=\"font-size: large;\"><span lang=\"it-IT\"><b>OFFICINA LITURGICA<\/b><\/span><\/span><\/span><\/span><\/p>\n<p lang=\"it-IT\" align=\"CENTER\">\n<p align=\"CENTER\"><span style=\"font-family: Times New Roman, serif;\"><span style=\"color: #c00000;\"><span style=\"font-size: large;\"><span lang=\"it-IT\">ARTE FLOREALE LITURGICA<\/span><\/span><\/span><\/span><\/p>\n<p lang=\"it-IT\" align=\"CENTER\">\n<p align=\"JUSTIFY\"><span style=\"font-family: Times New Roman, serif;\"><span style=\"color: #000000;\"><span style=\"font-size: large;\"><span lang=\"it-IT\">Da oggi inauguriamo <\/span><\/span><\/span><em><span style=\"color: #000000;\"><span style=\"font-size: large;\"><span lang=\"it-IT\">Officina Liturgica<\/span><\/span><\/span><\/em><span style=\"color: #000000;\"><span style=\"font-size: large;\"><span lang=\"it-IT\">, uno spazio dedicato alla preparazione e alla cura delle composizioni floreali per il tempo liturgico. Qui raccoglieremo idee, suggerimenti pratici e indicazioni simboliche per accompagnare ogni periodo dell\u2019anno con allestimenti pensati, belli e significativi.<\/span><\/span><\/span><\/span><\/p>\n<p align=\"JUSTIFY\"><span style=\"font-family: Times New Roman, serif;\"><span style=\"color: #000000;\"><span style=\"font-size: large;\"><span lang=\"it-IT\">In questa pagina troverai, man mano, diverse proposte floreali per l\u2019Avvento, il Natale, la Quaresima, la Pasqua e le altre celebrazioni, insieme a fotografie dedicate e spiegazioni dettagliate per aiutarti a realizzarle. <\/span><\/span><\/span><em><span style=\"color: #000000;\"><span style=\"font-size: large;\"><span lang=\"it-IT\">Officina Liturgica<\/span><\/span><\/span><\/em><span style=\"color: #000000;\"><span style=\"font-size: large;\"><span lang=\"it-IT\"> nasce proprio con l\u2019intento di offrire un luogo dove ispirazione, tradizione e creativit\u00e0 possano incontrarsi al servizio della liturgia.<\/span><\/span><\/span><\/span><\/p>\n<p lang=\"it-IT\" align=\"JUSTIFY\">\n<p align=\"JUSTIFY\"><span style=\"font-family: Times New Roman, serif;\"><span style=\"font-size: large;\"><span lang=\"it-IT\">Ecco alcuni consigli di come preparare tipi di composizioni pi\u00f9 adatte all\u2019Avvento!<\/span><\/span><\/span><\/p>\n<p lang=\"it-IT\" align=\"JUSTIFY\">\n<p><span style=\"color: #c00000;\"><span style=\"font-family: Times New Roman, serif;\"><span style=\"font-size: large;\"><span lang=\"it-IT\"><b>1. Composizioni sobrie e lineari<\/b><\/span><\/span><\/span><\/span><\/p>\n<ul>\n<li>\n<p><span style=\"font-family: Times New Roman, serif;\"><span style=\"font-size: large;\"><span lang=\"it-IT\">Fiori pochi e ben distanziati.<\/span><\/span><\/span><\/p>\n<\/li>\n<li>\n<p><span style=\"font-family: Times New Roman, serif;\"><span style=\"font-size: large;\"><span lang=\"it-IT\">Rami verdi (alloro, pino, agrifoglio senza bacche vistose).<\/span><\/span><\/span><\/p>\n<\/li>\n<li>\n<p><span style=\"font-family: Times New Roman, serif;\"><span style=\"font-size: large;\"><span lang=\"it-IT\">Fiori bianchi o viola in piccola quantit\u00e0 (ad es. lisianthus, anthurium bianchi, qualche rosa bianca).<\/span><\/span><\/span><\/p>\n<\/li>\n<\/ul>\n<p><span style=\"color: #c00000;\"><span style=\"font-family: Times New Roman, serif;\"><span style=\"font-size: large;\"><span lang=\"it-IT\"><b>2. Colori adatti<\/b><\/span><\/span><\/span><\/span><\/p>\n<ul>\n<li>\n<p><span style=\"font-family: Times New Roman, serif;\"><span style=\"font-size: large;\"><span lang=\"it-IT\">Viola (colore liturgico dell\u2019Avvento): piccoli tocchi, non dominante.<\/span><\/span><\/span><\/p>\n<\/li>\n<li>\n<p><span style=\"font-family: Times New Roman, serif;\"><span style=\"font-size: large;\"><span lang=\"it-IT\"><b>Bianco<\/b><\/span><\/span><\/span><span style=\"font-family: Times New Roman, serif;\"><span style=\"font-size: large;\"><span lang=\"it-IT\">: molto adatto per esprimere attesa e purezza.<\/span><\/span><\/span><\/p>\n<\/li>\n<li>\n<p><span style=\"font-family: Times New Roman, serif;\"><span style=\"font-size: large;\"><span lang=\"it-IT\"><b>Verde<\/b><\/span><\/span><\/span><span style=\"font-family: Times New Roman, serif;\"><span style=\"font-size: large;\"><span lang=\"it-IT\">: colore principale della stagione della speranza.<\/span><\/span><\/span><\/p>\n<\/li>\n<\/ul>\n<p><span style=\"font-family: Times New Roman, serif;\"><span style=\"font-size: large;\"><span lang=\"it-IT\">Da evitare: rosso e oro in stile natalizio, almeno fino al 24 dicembre.<\/span><\/span><\/span><\/p>\n<p><span style=\"color: #c00000;\"><span style=\"font-family: Times New Roman, serif;\"><span style=\"font-size: large;\"><span lang=\"it-IT\"><b>3. Corona d\u2019Avvento<\/b><\/span><\/span><\/span><\/span><\/p>\n<p align=\"JUSTIFY\"><span style=\"font-family: Times New Roman, serif;\"><span style=\"font-size: large;\"><span lang=\"it-IT\">La tradizionale corona con quattro candele pu\u00f2 essere presente anche vicino all\u2019altare o in un altro luogo liturgico, purch\u00e9 non prevalga sui segni principali.<\/span><\/span><\/span><\/p>\n<p><span style=\"color: #c00000;\"><span style=\"font-family: Times New Roman, serif;\"><span style=\"font-size: large;\"><span lang=\"it-IT\"><b>4. Elementi naturali semplici<\/b><\/span><\/span><\/span><\/span><\/p>\n<ul>\n<li>\n<p><span style=\"font-family: Times New Roman, serif;\"><span style=\"font-size: large;\"><span lang=\"it-IT\">Rami secchi o spogli (simbolo di attesa).<\/span><\/span><\/span><\/p>\n<\/li>\n<li>\n<p><span style=\"font-family: Times New Roman, serif;\"><span style=\"font-size: large;\"><span lang=\"it-IT\">Bacche scure o piccole (non troppo vistose).<\/span><\/span><\/span><\/p>\n<\/li>\n<li>\n<p><span style=\"font-family: Times New Roman, serif;\"><span style=\"font-size: large;\"><span lang=\"it-IT\">Foglie di ulivo.<\/span><\/span><\/span><\/p>\n<\/li>\n<\/ul>\n<p><span style=\"color: #c00000;\"><span style=\"font-family: Times New Roman, serif;\"><span style=\"font-size: large;\"><span lang=\"it-IT\"><b>5. Per la domenica Gaudete (terza domenica)<\/b><\/span><\/span><\/span><\/span><\/p>\n<p><span style=\"font-family: Times New Roman, serif;\"><span style=\"font-size: large;\"><span lang=\"it-IT\">Qui \u00e8 possibile un arricchimento leggero:<\/span><\/span><\/span><\/p>\n<ul>\n<li>\n<p><span style=\"font-family: Times New Roman, serif;\"><span style=\"font-size: large;\"><span lang=\"it-IT\">Aggiungere qualche fiore rosa (colore liturgico della domenica).<\/span><\/span><\/span><\/p>\n<\/li>\n<li>\n<p><span style=\"font-family: Times New Roman, serif;\"><span style=\"font-size: large;\"><span lang=\"it-IT\">Composizioni un po\u2019 pi\u00f9 piene, ma comunque non eccessive.<\/span><\/span><\/span><\/p>\n<\/li>\n<\/ul>\n<p><span style=\"color: #c00000;\"><span style=\"font-family: Times New Roman, serif;\"><span style=\"font-size: large;\"><span lang=\"it-IT\"><b>Da evitare assolutamente<\/b><\/span><\/span><\/span><\/span><\/p>\n<ul>\n<li>\n<p><span style=\"font-family: Times New Roman, serif;\"><span style=\"font-size: large;\"><span lang=\"it-IT\">Decorazioni scintillanti, glitter, fiocchi vistosi.<\/span><\/span><\/span><\/p>\n<\/li>\n<li>\n<p><span style=\"font-family: Times New Roman, serif;\"><span style=\"font-size: large;\"><span lang=\"it-IT\">Grandi composizioni che attirano l\u2019attenzione pi\u00f9 dell\u2019altare.<\/span><\/span><\/span><\/p>\n<\/li>\n<\/ul>\n<p lang=\"it-IT\">\n<p><span style=\"font-family: Times New Roman, serif;\"><span style=\"color: #c00000;\"><span style=\"font-size: large;\"><span lang=\"it-IT\">Idee specifiche<\/span><\/span><\/span><span style=\"color: #c00000;\"><span style=\"font-size: large;\"><span lang=\"it-IT\"> <\/span><\/span><\/span><span style=\"color: #c00000;\"><span style=\"font-size: large;\"><span lang=\"it-IT\"><b>per ogni punto della chiesa, tutte adatte al tempo di Avvento e conformi alle norme liturgiche.<\/b><\/span><\/span><\/span><\/span><\/p>\n<p lang=\"it-IT\">\n<p><span style=\"font-family: Times New Roman, serif;\"><span style=\"color: #c00000;\"><span style=\"font-size: large;\"><span lang=\"it-IT\">1. Per l\u2019altare<\/span><\/span><\/span><\/span><\/p>\n<p><span style=\"font-family: Times New Roman, serif;\"><span style=\"font-size: large;\"><span lang=\"it-IT\">L\u2019altare richiede la massima sobriet\u00e0.<\/span><\/span><\/span><\/p>\n<p><span style=\"font-family: Times New Roman, serif;\"><span style=\"color: #c00000;\"><span style=\"font-size: large;\"><span lang=\"it-IT\">Composizione consigliata<\/span><\/span><\/span><\/span><\/p>\n<p><span style=\"font-family: Times New Roman, serif;\"><span style=\"font-size: large;\"><span lang=\"it-IT\">Una <\/span><\/span><span style=\"font-size: large;\"><span lang=\"it-IT\"><span>piccola composizione laterale<\/span><\/span><\/span><span style=\"font-size: large;\"><span lang=\"it-IT\"> (mai sulla mensa).<\/span><\/span><\/span><\/p>\n<p><span style=\"font-family: Times New Roman, serif;\"><span style=\"font-size: large;\"><span lang=\"it-IT\">Base verde (alloro, ruscus, ulivo o pino).<\/span><\/span><\/span><\/p>\n<p align=\"JUSTIFY\"><span style=\"font-family: Times New Roman, serif;\"><span style=\"font-size: large;\"><span lang=\"it-IT\"><span>2\u20133 fiori bianchi<\/span><\/span><\/span><span style=\"font-size: large;\"><span lang=\"it-IT\"> oppure <\/span><\/span><span style=\"font-size: large;\"><span lang=\"it-IT\"><span>viola<\/span><\/span><\/span><span style=\"font-size: large;\"><span lang=\"it-IT\"> ben distanziati (lisianthus, calla, anthurium bianco).<\/span><\/span><\/span><\/p>\n<p><span style=\"font-family: Times New Roman, serif;\"><span style=\"font-size: large;\"><span lang=\"it-IT\">Forme verticali e lineari, non \u201caperte\u201d n\u00e9 abbondanti.<\/span><\/span><\/span><\/p>\n<p align=\"JUSTIFY\"><span style=\"font-family: Times New Roman, serif;\"><span style=\"font-size: large;\"><span lang=\"it-IT\"><span>Esempio:<\/span><\/span><\/span><span style=\"font-size: large;\"><span lang=\"it-IT\"> piccolo mazzo con rami di ulivo + 2 calle bianche + ramoscello di pino.<\/span><\/span><\/span><\/p>\n<p align=\"JUSTIFY\"><span style=\"font-family: Times New Roman, serif;\"><span style=\"color: #c00000;\"><span style=\"font-size: large;\"><span lang=\"it-IT\">2. Per l\u2019ambone<\/span><\/span><\/span><\/span><\/p>\n<p><span style=\"font-family: Times New Roman, serif;\"><span style=\"font-size: large;\"><span lang=\"it-IT\">Qui la decorazione deve essere sobria perch\u00e9 \u00e8 il luogo della Parola.<\/span><\/span><\/span><\/p>\n<p><span style=\"font-family: Times New Roman, serif;\"><span style=\"color: #c00000;\"><span style=\"font-size: large;\"><span lang=\"it-IT\">Composizione consigliata<\/span><\/span><\/span><\/span><\/p>\n<p><span style=\"font-family: Times New Roman, serif;\"><span style=\"font-size: large;\"><span lang=\"it-IT\">Ramo di verde leggero (ruscus, eucalipto, olivo).<\/span><\/span><\/span><\/p>\n<p><span style=\"font-family: Times New Roman, serif;\"><span style=\"font-size: large;\"><span lang=\"it-IT\">Un solo fiore viola o bianco.<\/span><\/span><\/span><\/p>\n<p><span style=\"font-family: Times New Roman, serif;\"><span style=\"font-size: large;\"><span lang=\"it-IT\">Composizione stretta e verticale, non larga.<\/span><\/span><\/span><\/p>\n<p><span style=\"font-family: Times New Roman, serif;\"><span style=\"font-size: large;\"><span lang=\"it-IT\"><span>Esempio:<\/span><\/span><\/span><span style=\"font-size: large;\"><span lang=\"it-IT\"> ramo di eucalipto verticale con 1 anthurium bianco.<\/span><\/span><\/span><\/p>\n<p><span style=\"font-family: Times New Roman, serif;\"><span style=\"color: #c00000;\"><span style=\"font-size: large;\"><span lang=\"it-IT\">3. Per la cappellina del Santissimo<\/span><\/span><\/span><\/span><\/p>\n<p><span style=\"font-family: Times New Roman, serif;\"><span style=\"font-size: large;\"><span lang=\"it-IT\">Qui si pu\u00f2 essere leggermente pi\u00f9 curati, ma sempre in modo contenuto.<\/span><\/span><\/span><\/p>\n<p><span style=\"font-family: Times New Roman, serif;\"><span style=\"color: #c00000;\"><span style=\"font-size: large;\"><span lang=\"it-IT\">Composizione consigliata<\/span><\/span><\/span><\/span><\/p>\n<p><span style=\"font-family: Times New Roman, serif;\"><span style=\"font-size: large;\"><span lang=\"it-IT\">Piccola ciotola o vaso basso con verde morbido (pino, magnolia).<\/span><\/span><\/span><\/p>\n<p><span style=\"font-family: Times New Roman, serif;\"><span style=\"font-size: large;\"><span lang=\"it-IT\">2\u20133 fiori bianchi.<\/span><\/span><\/span><\/p>\n<p><span style=\"font-family: Times New Roman, serif;\"><span style=\"font-size: large;\"><span lang=\"it-IT\">Eventualmente una candela viola o bianca accesa <\/span><\/span><em><span style=\"font-size: large;\"><span lang=\"it-IT\">fuori<\/span><\/span><\/em><span style=\"font-size: large;\"><span lang=\"it-IT\"> dal vaso (mai dentro).<\/span><\/span><\/span><\/p>\n<p><span style=\"font-family: Times New Roman, serif;\"><span style=\"color: #c00000;\"><span style=\"font-size: large;\"><span lang=\"it-IT\">4. Per il presbiterio in generale<\/span><\/span><\/span><\/span><\/p>\n<p><span style=\"font-family: Times New Roman, serif;\"><span style=\"font-size: large;\"><span lang=\"it-IT\">Se vuoi dare un clima di Avvento senza esagerare:<\/span><\/span><\/span><\/p>\n<p><span style=\"font-family: Times New Roman, serif;\"><span style=\"color: #c00000;\"><span style=\"font-size: large;\"><span lang=\"it-IT\">Idee<\/span><\/span><\/span><\/span><\/p>\n<p><span style=\"font-family: Times New Roman, serif;\"><span style=\"font-size: large;\"><span lang=\"it-IT\"><span>Rami secchi<\/span><\/span><\/span><span style=\"font-size: large;\"><span lang=\"it-IT\"> leggermente intrecciati, simbolo dell\u2019attesa.<\/span><\/span><\/span><\/p>\n<p><span style=\"font-family: Times New Roman, serif;\"><span style=\"font-size: large;\"><span lang=\"it-IT\"><span>Verde scuro<\/span><\/span><\/span><span style=\"font-size: large;\"><span lang=\"it-IT\"> disposto in modo ordinato (non voluminoso).<\/span><\/span><\/span><\/p>\n<p><span style=\"font-family: Times New Roman, serif;\"><span style=\"font-size: large;\"><span lang=\"it-IT\">Qualche bacca scura (mai rossa vistosa).<\/span><\/span><\/span><\/p>\n<p><span style=\"font-family: Times New Roman, serif;\"><span style=\"font-size: large;\"><span lang=\"it-IT\">Pietre chiare o elementi naturali.<\/span><\/span><\/span><\/p>\n<p><span style=\"font-family: Times New Roman, serif;\"><span style=\"color: #c00000;\"><span style=\"font-size: large;\"><span lang=\"it-IT\">5. Per la terza domenica (Gaudete)<\/span><\/span><\/span><\/span><\/p>\n<p><span style=\"font-family: Times New Roman, serif;\"><span style=\"font-size: large;\"><span lang=\"it-IT\">Puoi arricchire leggermente:<\/span><\/span><\/span><\/p>\n<p><span style=\"font-family: Times New Roman, serif;\"><span style=\"font-size: large;\"><span lang=\"it-IT\">Aggiungere <\/span><\/span><span style=\"font-size: large;\"><span lang=\"it-IT\"><span>fiori rosa<\/span><\/span><\/span><span style=\"font-size: large;\"><span lang=\"it-IT\"> (es. rosa rosa chiarissimo, gerbera rosa pallido).<\/span><\/span><\/span><\/p>\n<p><span style=\"font-family: Times New Roman, serif;\"><span style=\"font-size: large;\"><span lang=\"it-IT\">Composizioni un po\u2019 pi\u00f9 ampie <\/span><\/span><span style=\"font-size: large;\"><span lang=\"it-IT\"><span>solo per quella domenica<\/span><\/span><\/span><span style=\"font-size: large;\"><span lang=\"it-IT\">.<\/span><\/span><\/span><\/p>\n<p><span style=\"font-family: Times New Roman, serif;\"><span style=\"font-size: large;\"><span lang=\"it-IT\">Mantieni comunque sobriet\u00e0.<\/span><\/span><\/span><\/p>\n<p><span style=\"font-family: Times New Roman, serif;\"><span style=\"color: #c00000;\"><span style=\"font-size: large;\"><span lang=\"it-IT\">Elementi da evitare sempre<\/span><\/span><\/span><\/span><\/p>\n<p><span style=\"font-family: Times New Roman, serif;\"><span style=\"font-size: large;\"><span lang=\"it-IT\">Stelle di Natale (rosse o bianche).<\/span><\/span><\/span><\/p>\n<p><span style=\"font-family: Times New Roman, serif;\"><span style=\"font-size: large;\"><span lang=\"it-IT\">Ghirlande natalizie.<\/span><\/span><\/span><\/p>\n<p><span style=\"font-family: Times New Roman, serif;\"><span style=\"font-size: large;\"><span lang=\"it-IT\">Decorazioni dorate, fiocchi, glitter.<\/span><\/span><\/span><\/p>\n<p><span style=\"font-family: Times New Roman, serif;\"><span style=\"font-size: large;\"><span lang=\"it-IT\">Composizioni molto piene o troppo colorate.<\/span><\/span><\/span><\/p>\n<p lang=\"it-IT\">\n<p><span style=\"font-family: Times New Roman, serif;\"><span style=\"color: #c00000;\"><span style=\"font-size: large;\"><span lang=\"it-IT\">PROGETTO 1 \u2014 Altare<\/span><\/span><\/span><\/span><\/p>\n<p><span style=\"font-family: Times New Roman, serif;\"><span style=\"font-size: large;\"><span lang=\"it-IT\"><span>Stile:<\/span><\/span><\/span><span style=\"font-size: large;\"><span lang=\"it-IT\"> molto sobrio, lineare, elegante<br \/><\/span><\/span><span style=\"font-size: large;\"><span lang=\"it-IT\"><span>Collocazione:<\/span><\/span><\/span><span style=\"font-size: large;\"><span lang=\"it-IT\"> a lato dell\u2019altare, mai sopra la mensa<\/span><\/span><\/span><\/p>\n<p><span style=\"font-family: Times New Roman, serif;\"><span style=\"color: #c00000;\"><span style=\"font-size: large;\"><span lang=\"it-IT\">Materiali<\/span><\/span><\/span><\/span><\/p>\n<p><span style=\"font-family: Times New Roman, serif;\"><span style=\"font-size: large;\"><span lang=\"it-IT\">Rami di <\/span><\/span><span style=\"font-size: large;\"><span lang=\"it-IT\"><span>ulivo<\/span><\/span><\/span><span style=\"font-size: large;\"><span lang=\"it-IT\"> (3\u20134 rami medi)<\/span><\/span><\/span><\/p>\n<p><span style=\"font-family: Times New Roman, serif;\"><span style=\"font-size: large;\"><span lang=\"it-IT\">Ruscus o eucalipto (2 rami)<\/span><\/span><\/span><\/p>\n<p><span style=\"font-family: Times New Roman, serif;\"><span style=\"font-size: large;\"><span lang=\"it-IT\"><span>2 calle bianche<\/span><\/span><\/span><span style=\"font-size: large;\"><span lang=\"it-IT\"> <\/span><\/span><em><span style=\"font-size: large;\"><span lang=\"it-IT\">oppure<\/span><\/span><\/em><span style=\"font-size: large;\"><span lang=\"it-IT\"> 2 lisianthus bianchi<\/span><\/span><\/span><\/p>\n<p><span style=\"font-family: Times New Roman, serif;\"><span style=\"font-size: large;\"><span lang=\"it-IT\">Spugna floreale (Oasis)<\/span><\/span><\/span><\/p>\n<p><span style=\"font-family: Times New Roman, serif;\"><span style=\"font-size: large;\"><span lang=\"it-IT\">Vaso o vaschetta stretta e alta<\/span><\/span><\/span><\/p>\n<p><span style=\"font-family: Times New Roman, serif;\"><span style=\"font-size: large;\"><span lang=\"it-IT\">Forbici da fiorista<\/span><\/span><\/span><\/p>\n<p><span style=\"font-family: Times New Roman, serif;\"><span style=\"color: #c00000;\"><span style=\"font-size: large;\"><span lang=\"it-IT\">Montaggio<\/span><\/span><\/span><\/span><\/p>\n<p><span style=\"font-family: Times New Roman, serif;\"><span style=\"font-size: large;\"><span lang=\"it-IT\">Taglia una base di spugna e fissala bene nel vaso.<\/span><\/span><\/span><\/p>\n<p align=\"JUSTIFY\"><span style=\"font-family: Times New Roman, serif;\"><span style=\"font-size: large;\"><span lang=\"it-IT\">Inserisci i rami di <\/span><\/span><span style=\"font-size: large;\"><span lang=\"it-IT\"><span>ulivo<\/span><\/span><\/span><span style=\"font-size: large;\"><span lang=\"it-IT\"> creando una forma verticale e leggermente asimmetrica.<\/span><\/span><\/span><\/p>\n<p><span style=\"font-family: Times New Roman, serif;\"><span style=\"font-size: large;\"><span lang=\"it-IT\">Aggiungi il <\/span><\/span><span style=\"font-size: large;\"><span lang=\"it-IT\"><span>ruscus\/eucalipto<\/span><\/span><\/span><span style=\"font-size: large;\"><span lang=\"it-IT\"> per dare leggerezza.<\/span><\/span><\/span><\/p>\n<p><span style=\"font-family: Times New Roman, serif;\"><span style=\"font-size: large;\"><span lang=\"it-IT\">Inserisci <\/span><\/span><span style=\"font-size: large;\"><span lang=\"it-IT\"><span>le 2 calle bianche<\/span><\/span><\/span><span style=\"font-size: large;\"><span lang=\"it-IT\"> a altezze diverse, una pi\u00f9 alta e una pi\u00f9 bassa.<\/span><\/span><\/span><\/p>\n<p><span style=\"font-family: Times New Roman, serif;\"><span style=\"font-size: large;\"><span lang=\"it-IT\">Mantieni ampi spazi vuoti tra i fiori: la sobriet\u00e0 \u00e8 essenziale.<\/span><\/span><\/span><\/p>\n<p><span style=\"font-family: Times New Roman, serif;\"><span style=\"color: #c00000;\"><span style=\"font-size: large;\"><span lang=\"it-IT\">Effetto finale:<\/span><\/span><\/span><span style=\"color: #c00000;\"><span style=\"font-size: large;\"><span lang=\"it-IT\"> <\/span><\/span><\/span><span style=\"font-size: large;\"><span lang=\"it-IT\">una composizione chiara, essenziale, che richiama l\u2019attesa dell\u2019Avvento.<\/span><\/span><\/span><\/p>\n<p><span style=\"font-family: Times New Roman, serif;\"><span style=\"color: #c00000;\"><span style=\"font-size: large;\"><span lang=\"it-IT\">PROGETTO 2 \u2014 Ambone<\/span><\/span><\/span><\/span><\/p>\n<p><span style=\"font-family: Times New Roman, serif;\"><span style=\"font-size: large;\"><span lang=\"it-IT\"><span>Stile:<\/span><\/span><\/span><span style=\"font-size: large;\"><span lang=\"it-IT\"> minimo ed elegante, non invasivo<br \/><\/span><\/span><span style=\"font-size: large;\"><span lang=\"it-IT\"><span>Collocazione:<\/span><\/span><\/span><span style=\"font-size: large;\"><span lang=\"it-IT\"> lato dell\u2019ambone, non davanti<\/span><\/span><\/span><\/p>\n<p><span style=\"font-family: Times New Roman, serif;\"><span style=\"color: #c00000;\"><span style=\"font-size: large;\"><span lang=\"it-IT\">Materiali<\/span><\/span><\/span><\/span><\/p>\n<p><span style=\"font-family: Times New Roman, serif;\"><span style=\"font-size: large;\"><span lang=\"it-IT\">Ramo di <\/span><\/span><span style=\"font-size: large;\"><span lang=\"it-IT\"><span>eucalipto<\/span><\/span><\/span><span style=\"font-size: large;\"><span lang=\"it-IT\"> lungo o verticalizzato<\/span><\/span><\/span><\/p>\n<p><span style=\"font-family: Times New Roman, serif;\"><span style=\"font-size: large;\"><span lang=\"it-IT\">1 <\/span><\/span><span style=\"font-size: large;\"><span lang=\"it-IT\"><span>anthurium bianco<\/span><\/span><\/span><span style=\"font-size: large;\"><span lang=\"it-IT\"> (oppure 1 rosa bianca singola)<\/span><\/span><\/span><\/p>\n<p><span style=\"font-family: Times New Roman, serif;\"><span style=\"font-size: large;\"><span lang=\"it-IT\">Piccola provetta con calamita <\/span><\/span><em><span style=\"font-size: large;\"><span lang=\"it-IT\">oppure<\/span><\/span><\/em><span style=\"font-size: large;\"><span lang=\"it-IT\"> microvaso stretto e alto<\/span><\/span><\/span><\/p>\n<p><span style=\"font-family: Times New Roman, serif;\"><span style=\"font-size: large;\"><span lang=\"it-IT\">Filo di ferro sottile (se serve)<\/span><\/span><\/span><\/p>\n<p><span style=\"font-family: Times New Roman, serif;\"><span style=\"color: #c00000;\"><span style=\"font-size: large;\"><span lang=\"it-IT\">Montaggio<\/span><\/span><\/span><\/span><\/p>\n<p align=\"JUSTIFY\"><span style=\"font-family: Times New Roman, serif;\"><span style=\"font-size: large;\"><span lang=\"it-IT\">Fissa il rametto di eucalipto nel piccolo contenitore, lasciandolo salire in verticale.<\/span><\/span><\/span><\/p>\n<p align=\"JUSTIFY\"><span style=\"font-family: Times New Roman, serif;\"><span style=\"font-size: large;\"><span lang=\"it-IT\">Inserisci il <\/span><\/span><span style=\"font-size: large;\"><span lang=\"it-IT\"><span>singolo fiore bianco<\/span><\/span><\/span><span style=\"font-size: large;\"><span lang=\"it-IT\">, inclinato leggermente verso l\u2019assemblea.<\/span><\/span><\/span><\/p>\n<p><span style=\"font-family: Times New Roman, serif;\"><span style=\"font-size: large;\"><span lang=\"it-IT\">Evita aggiunte decorative o volume superfluo.<\/span><\/span><\/span><\/p>\n<p align=\"JUSTIFY\"><span style=\"font-family: Times New Roman, serif;\"><span style=\"font-size: large;\"><span lang=\"it-IT\">Se l\u2019ambone \u00e8 molto grande, puoi aggiungere un secondo ramo di eucalipto, ma senza fiori aggiuntivi.<\/span><\/span><\/span><\/p>\n<p><span style=\"font-family: Times New Roman, serif;\"><span style=\"color: #c00000;\"><span style=\"font-size: large;\"><span lang=\"it-IT\">Effetto finale:<\/span><\/span><\/span><span style=\"color: #c00000;\"><span style=\"font-size: large;\"><span lang=\"it-IT\"> <\/span><\/span><\/span><span style=\"font-size: large;\"><span lang=\"it-IT\">un segno discreto che valorizza la Parola senza rubarle la scena.<\/span><\/span><\/span><\/p>\n<p><span style=\"font-family: Times New Roman, serif;\"><span style=\"color: #c00000;\"><span style=\"font-size: large;\"><span lang=\"it-IT\">PROGETTO 3 \u2014 Zona presbiterio (generale)<\/span><\/span><\/span><\/span><\/p>\n<p><span style=\"font-family: Times New Roman, serif;\"><span style=\"font-size: large;\"><span lang=\"it-IT\"><span>Stile:<\/span><\/span><\/span><span style=\"font-size: large;\"><span lang=\"it-IT\"> naturale, simbolico, d\u2019attesa<\/span><\/span><\/span><\/p>\n<p><span style=\"font-family: Times New Roman, serif;\"><span style=\"font-size: large;\"><span lang=\"it-IT\"><span>Collocazione:<\/span><\/span><\/span><span style=\"font-size: large;\"><span lang=\"it-IT\"> davanti al presbiterio o lateralmente<br \/><\/span><\/span><em><span style=\"color: #c00000;\"><span style=\"font-size: large;\"><span lang=\"it-IT\">(non deve mai sembrare un addobbo natalizio)<\/span><\/span><\/span><\/em><\/span><\/p>\n<p><span style=\"font-family: Times New Roman, serif;\"><span style=\"color: #c00000;\"><span style=\"font-size: large;\"><span lang=\"it-IT\">Materiali<\/span><\/span><\/span><\/span><\/p>\n<p><span style=\"font-family: Times New Roman, serif;\"><span style=\"font-size: large;\"><span lang=\"it-IT\">Rami <\/span><\/span><span style=\"font-size: large;\"><span lang=\"it-IT\"><span>secchi<\/span><\/span><\/span><span style=\"font-size: large;\"><span lang=\"it-IT\"> (3 rami sottili e alti)<\/span><\/span><\/span><\/p>\n<p><span style=\"font-family: Times New Roman, serif;\"><span style=\"font-size: large;\"><span lang=\"it-IT\">Pochi rami di <\/span><\/span><span style=\"font-size: large;\"><span lang=\"it-IT\"><span>pino<\/span><\/span><\/span><span style=\"font-size: large;\"><span lang=\"it-IT\"> o magnolia<\/span><\/span><\/span><\/p>\n<p><span style=\"font-family: Times New Roman, serif;\"><span style=\"font-size: large;\"><span lang=\"it-IT\">2\u20133 <\/span><\/span><span style=\"font-size: large;\"><span lang=\"it-IT\"><span>lisianthus bianchi<\/span><\/span><\/span><\/span><\/p>\n<p><span style=\"font-family: Times New Roman, serif;\"><span style=\"font-size: large;\"><span lang=\"it-IT\">Piccola lanterna con <\/span><\/span><span style=\"font-size: large;\"><span lang=\"it-IT\"><span>candela bianca<\/span><\/span><\/span><span style=\"font-size: large;\"><span lang=\"it-IT\"> (non dentro il vaso)<\/span><\/span><\/span><\/p>\n<p><span style=\"font-family: Times New Roman, serif;\"><span style=\"font-size: large;\"><span lang=\"it-IT\">Cestina o ciotola bassa<\/span><\/span><\/span><\/p>\n<p><span style=\"font-family: Times New Roman, serif;\"><span style=\"font-size: large;\"><span lang=\"it-IT\">Sassi chiari (opzionale, per simbolo \u201cdeserto\u201d)<\/span><\/span><\/span><\/p>\n<p><span style=\"font-family: Times New Roman, serif;\"><span style=\"color: #c00000;\"><span style=\"font-size: large;\"><span lang=\"it-IT\">Montaggio<\/span><\/span><\/span><\/span><\/p>\n<p><span style=\"font-family: Times New Roman, serif;\"><span style=\"font-size: large;\"><span lang=\"it-IT\">Disponi i <\/span><\/span><span style=\"font-size: large;\"><span lang=\"it-IT\"><span>rami secchi<\/span><\/span><\/span><span style=\"font-size: large;\"><span lang=\"it-IT\"> come elemento centrale, verticali.<\/span><\/span><\/span><\/p>\n<p><span style=\"font-family: Times New Roman, serif;\"><span style=\"font-size: large;\"><span lang=\"it-IT\">Aggiungi una piccola base di verde (pino o magnolia), molto ridotta.<\/span><\/span><\/span><\/p>\n<p><span style=\"font-family: Times New Roman, serif;\"><span style=\"font-size: large;\"><span lang=\"it-IT\">Inserisci 2\u20133 lisianthus bianchi ai lati, senza creare volume.<\/span><\/span><\/span><\/p>\n<p><span style=\"font-family: Times New Roman, serif;\"><span style=\"font-size: large;\"><span lang=\"it-IT\">Posiziona <\/span><\/span><span style=\"font-size: large;\"><span lang=\"it-IT\"><span>la candela bianca<\/span><\/span><\/span><span style=\"font-size: large;\"><span lang=\"it-IT\"> a fianco, accesa durante le celebrazioni.<\/span><\/span><\/span><\/p>\n<p align=\"JUSTIFY\"><span style=\"font-family: Times New Roman, serif;\"><span style=\"font-size: large;\"><span lang=\"it-IT\">Se vuoi un effetto pi\u00f9 simbolico, aggiungi <\/span><\/span><span style=\"font-size: large;\"><span lang=\"it-IT\"><span>2<\/span><\/span><\/span><span style=\"font-size: large;\"><span lang=\"it-IT\">\u2013<\/span><\/span><span style=\"font-size: large;\"><span lang=\"it-IT\"><span>3 sassi chiari<\/span><\/span><\/span><span style=\"font-size: large;\"><span lang=\"it-IT\"> davanti alla composizione.<\/span><\/span><\/span><\/p>\n<p align=\"JUSTIFY\"><span style=\"font-family: Times New Roman, serif;\"><span style=\"color: #c00000;\"><span style=\"font-size: large;\"><span lang=\"it-IT\">Effetto finale:<\/span><\/span><\/span><span style=\"color: #c00000;\"><span style=\"font-size: large;\"><span lang=\"it-IT\"> <\/span><\/span><\/span><span style=\"font-size: large;\"><span lang=\"it-IT\">richiama il deserto, l\u2019attesa del Messia e la progressiva luce che si avvicina.<\/span><\/span><\/span><\/p>\n<p align=\"JUSTIFY\"><span style=\"font-family: Times New Roman, serif;\"><span style=\"color: #c00000;\"><span style=\"font-size: large;\"><span lang=\"it-IT\">Per la Domenica Gaudete (3\u00aa domenica)<\/span><\/span><\/span><\/span><\/p>\n<p><span style=\"font-family: Times New Roman, serif;\"><span style=\"font-size: large;\"><span lang=\"it-IT\">Puoi arricchire i tre progetti aggiungendo:<\/span><\/span><\/span><\/p>\n<p><span style=\"font-family: Times New Roman, serif;\"><span style=\"font-size: large;\"><span lang=\"it-IT\">1 <\/span><\/span><span style=\"font-size: large;\"><span lang=\"it-IT\"><span>fiore rosa pallido<\/span><\/span><\/span><span style=\"font-size: large;\"><span lang=\"it-IT\"> nel progetto altare<\/span><\/span><\/span><\/p>\n<p><span style=\"font-family: Times New Roman, serif;\"><span style=\"font-size: large;\"><span lang=\"it-IT\">1 <\/span><\/span><span style=\"font-size: large;\"><span lang=\"it-IT\"><span>rosa rosa<\/span><\/span><\/span><span style=\"font-size: large;\"><span lang=\"it-IT\"> per l\u2019ambone<\/span><\/span><\/span><\/p>\n<p><span style=\"font-family: Times New Roman, serif;\"><span style=\"font-size: large;\"><span lang=\"it-IT\">1\u20132 fiori rosa molto chiari nel presbiterio<br \/>Niente colori accesi o toni festivi ancora.<\/span><\/span><\/span><\/p>\n<p lang=\"it-IT\">\n<p lang=\"it-IT\">\n<p lang=\"it-IT\">\n<p align=\"JUSTIFY\">[\/et_pb_toggle][et_pb_toggle title=&#8221;Quesito Liturgico&#8221; _builder_version=&#8221;4.27.4&#8243; _module_preset=&#8221;default&#8221; global_colors_info=&#8221;{}&#8221;]<\/p>\n<p align=\"CENTER\"><span style=\"font-family: Times New Roman, serif;\"><span style=\"color: #2e74b5;\"><span style=\"font-size: xx-large;\"><span lang=\"it-IT\"><b>QUESITI LITURGICI<\/b><\/span><\/span><\/span><\/span><\/p>\n<p align=\"JUSTIFY\"><span style=\"font-family: Times New Roman, serif;\"><span style=\"font-size: large;\"><span lang=\"it-IT\"><b>Domanda<\/b><\/span><\/span><span style=\"font-size: large;\"><span lang=\"it-IT\">: Si possono mettere i fiori in chiesa durante il tempo liturgico dell\u2019Avvento?<\/span><\/span><\/span><\/p>\n<p align=\"JUSTIFY\"><span style=\"font-family: Times New Roman, serif;\"><span style=\"font-size: large;\"><span lang=\"it-IT\"><b>Risposta<\/b><\/span><\/span><span style=\"font-size: large;\"><span lang=\"it-IT\">: <\/span><\/span><span style=\"font-size: large;\">S\u00ec, <\/span><span style=\"font-size: large;\"><span>si possono mettere fiori in chiesa durante l\u2019Avvento<\/span><\/span><span style=\"font-size: large;\"><b>, <\/b><\/span><span style=\"font-size: large;\">ma<\/span><span style=\"font-size: large;\"><b> <\/b><\/span><span style=\"font-size: large;\"><span>con moderazione<\/span><\/span><span style=\"font-size: large;\">.<\/span><\/span><\/p>\n<p align=\"JUSTIFY\"><span style=\"font-family: Times New Roman, serif;\"><span style=\"font-size: large;\">Secondo le norme liturgiche della Chiesa cattolica (<\/span><span style=\"font-size: large;\"><i>Ordinamento Generale del Messale Romano<\/i><\/span><span style=\"font-size: large;\">, n. 305), durante il tempo di Avvento <\/span><span style=\"font-size: large;\"><span>l\u2019addobbo floreale deve essere sobrio<\/span><\/span><span style=\"font-size: large;\">, per rispettare il carattere di attesa e penitenza proprio di questo periodo.<\/span><span style=\"font-size: large;\"><span lang=\"it-IT\"> <\/span><\/span><span style=\"font-size: large;\">L\u2019unica eccezione \u00e8 la <\/span><span style=\"font-size: large;\"><span>terza domenica di Avvento (Gaudete)<\/span><\/span><span style=\"font-size: large;\">, in cui \u00e8 permesso un clima pi\u00f9 festoso.<\/span><\/span><\/p>\n<p align=\"JUSTIFY\"><span style=\"font-family: Times New Roman, serif;\"><span style=\"font-size: large;\">In sintesi:<\/span><\/span><\/p>\n<ul>\n<li>\n<p align=\"JUSTIFY\"><span style=\"font-family: Times New Roman, serif;\"><span style=\"font-size: large;\"><span>Fiori permessi<\/span><\/span><span style=\"font-size: large;\">, ma in quantit\u00e0 e stile <\/span><span style=\"font-size: large;\"><span>sobri<\/span><\/span><span style=\"font-size: large;\">.<\/span><\/span><\/p>\n<\/li>\n<li>\n<p align=\"JUSTIFY\"><span style=\"font-family: Times New Roman, serif;\"><span style=\"font-size: large;\">Addobbi un po\u2019 pi\u00f9 ricchi nella <\/span><span style=\"font-size: large;\"><span>domenica Gaudete<\/span><\/span><span style=\"font-size: large;\">.<\/span><\/span><\/p>\n<\/li>\n<li>\n<p align=\"JUSTIFY\"><span style=\"font-family: Times New Roman, serif;\"><span style=\"font-size: large;\">Evitare decorazioni abbondanti o in stile natalizio prima del <\/span><span style=\"font-size: large;\"><span lang=\"it-IT\">T<\/span><\/span><span style=\"font-size: large;\">empo di Natale.<\/span><\/span><\/p>\n<\/li>\n<\/ul>\n<p align=\"JUSTIFY\"><span style=\"font-family: Times New Roman, serif;\"><span style=\"font-size: large;\"><span lang=\"it-IT\"><b>Domanda<\/b><\/span><\/span><span style=\"font-size: large;\"><span lang=\"it-IT\">: Si pu\u00f2 cantare o proclamare l\u2019inno del Gloria nel tempo liturgico dell\u2019Avvento?<\/span><\/span><\/span><\/p>\n<p align=\"JUSTIFY\"><span style=\"font-family: Times New Roman, serif;\"><span style=\"font-size: large;\"><span lang=\"it-IT\"><b>Risposta<\/b><\/span><\/span><span style=\"font-size: large;\"><span lang=\"it-IT\">: Nel tempo di <\/span><\/span><span style=\"font-size: large;\"><span lang=\"it-IT\"><span>Avvento<\/span><\/span><\/span><span style=\"font-size: large;\"><span lang=\"it-IT\"> il <\/span><\/span><span style=\"font-size: large;\"><span lang=\"it-IT\"><span>Gloria non si canta e non si proclama<\/span><\/span><\/span><span style=\"font-size: large;\"><span lang=\"it-IT\"><b> <\/b><\/span><\/span><span style=\"font-size: large;\"><span lang=\"it-IT\">durante la Messa domenicale e feriale.<\/span><\/span><\/span><\/p>\n<p align=\"JUSTIFY\"><span style=\"font-family: Times New Roman, serif;\"><span style=\"font-size: large;\"><span lang=\"it-IT\">Eccezioni:<\/span><\/span><\/span><\/p>\n<p align=\"JUSTIFY\"><span style=\"font-family: Times New Roman, serif;\"><span style=\"font-size: large;\"><span lang=\"it-IT\">Il Gloria si dice <\/span><\/span><span style=\"font-size: large;\"><span lang=\"it-IT\"><span>solo nelle feste e solennit\u00e0<\/span><\/span><\/span><span style=\"font-size: large;\"><span lang=\"it-IT\"> che cadono in Avvento (ad esempio l\u2019<\/span><\/span><span style=\"font-size: large;\"><span lang=\"it-IT\"><span>Immacolata Concezione<\/span><\/span><\/span><span style=\"font-size: large;\"><span lang=\"it-IT\">, ma se ci fossero altre feste liturgiche rilevanti si segue la loro rubrica).<\/span><\/span><\/span><\/p>\n<p align=\"JUSTIFY\"><span style=\"font-family: Times New Roman, serif;\"><span style=\"font-size: large;\"><span lang=\"it-IT\">La motivazione \u00e8 che l\u2019Avvento ha un carattere di <\/span><\/span><span style=\"font-size: large;\"><span lang=\"it-IT\"><span>attesa e sobriet\u00e0<\/span><\/span><\/span><span style=\"font-size: large;\"><span lang=\"it-IT\">, e l\u2019omissione del Gloria sottolinea il desiderio della Chiesa di arrivare con rinnovato stupore al canto degli angeli nella notte di Natale.<\/span><\/span><\/span><\/p>\n<p align=\"CENTER\"><span style=\"font-family: Times New Roman, serif;\"><span style=\"color: #c00000;\"><span style=\"font-size: large;\"><span lang=\"it-IT\">***<\/span><\/span><\/span><\/span><\/p>\n<p align=\"JUSTIFY\"><span style=\"font-family: Times New Roman, serif;\"><span style=\"color: #000000;\"><span style=\"font-size: large;\"><span lang=\"it-IT\"><b>Domanda<\/b><\/span><\/span><\/span><span style=\"color: #000000;\"><span style=\"font-size: large;\"><span lang=\"it-IT\">: durante la settimana delle Antifone \u201cO\u201d o <\/span><\/span><\/span><span style=\"color: #000000;\"><span style=\"font-size: large;\"><span lang=\"it-IT\"><i>Feriae<\/i><\/span><\/span><\/span><span style=\"color: #000000;\"><span style=\"font-size: large;\"><span lang=\"it-IT\"> Maggiori d\u2019Avvento si possono celebrare le memorie obbligatorie, facoltative o commemorazioni?<\/span><\/span><\/span><\/span><\/p>\n<p align=\"JUSTIFY\"><span style=\"font-family: Times New Roman, serif;\"><span style=\"color: #000000;\"><span style=\"font-size: large;\"><span lang=\"it-IT\">Risposta: <\/span><\/span><\/span><span style=\"color: #000000;\"><span style=\"font-size: large;\">No.<\/span><\/span><\/span><\/p>\n<p align=\"JUSTIFY\"><span style=\"font-family: Times New Roman, serif;\"><span style=\"color: #000000;\"><span style=\"font-size: large;\">Dal <\/span><\/span><span style=\"color: #000000;\"><span style=\"font-size: large;\"><span>17 al 24 dicembre<\/span><\/span><\/span><span style=\"color: #000000;\"><span style=\"font-size: large;\">, cio\u00e8 durante la <\/span><\/span><span style=\"color: #000000;\"><span style=\"font-size: large;\"><span>settimana delle Antifone \u201cO\u201d<\/span><\/span><\/span><span style=\"color: #000000;\"><span style=\"font-size: large;\"> o <\/span><\/span><span style=\"color: #000000;\"><span style=\"font-size: large;\"><span>Feriae maggiori d\u2019Avvento<\/span><\/span><\/span><span style=\"color: #000000;\"><span style=\"font-size: large;\"><b>, <\/b><\/span><\/span><span style=\"color: #000000;\"><span style=\"font-size: large;\"><span>non si celebrano memorie obbligatorie n\u00e9 facoltative<\/span><\/span><\/span><span style=\"color: #000000;\"><span style=\"font-size: large;\">, n\u00e9 commemorazioni dei santi.<\/span><\/span><\/span><\/p>\n<p align=\"JUSTIFY\"><span style=\"font-family: Times New Roman, serif;\"><span style=\"color: #000000;\"><span style=\"font-size: large;\">Secondo le Norme generali dell\u2019anno liturgico e del calendario (<\/span><\/span><span style=\"color: #000000;\"><span style=\"font-size: large;\"><i>NGALC<\/i><\/span><\/span><span style=\"color: #000000;\"><span style=\"font-size: large;\">):<\/span><\/span><\/span><\/p>\n<p align=\"JUSTIFY\"><span style=\"font-family: Times New Roman, serif;\"><span style=\"color: #c00000;\"><span style=\"font-size: large;\"><span lang=\"it-IT\"><b>&#8211;<\/b><\/span><\/span><\/span><span style=\"color: #000000;\"><span style=\"font-size: large;\"><span lang=\"it-IT\"> <\/span><\/span><\/span><span style=\"color: #000000;\"><span style=\"font-size: large;\">Le <\/span><\/span><span style=\"color: #000000;\"><span style=\"font-size: large;\"><span>ferie dal 17 al 24 dicembre<\/span><\/span><\/span><span style=\"color: #000000;\"><span style=\"font-size: large;\"> hanno <\/span><\/span><span style=\"color: #000000;\"><span style=\"font-size: large;\"><span>precedenza<\/span><\/span><\/span><span style=\"color: #000000;\"><span style=\"font-size: large;\"> su qualsiasi memoria (<\/span><\/span><span style=\"color: #000000;\"><span style=\"font-size: large;\"><i>NGALC<\/i><\/span><\/span><span style=\"color: #000000;\"><span style=\"font-size: large;\"> n. 15 e n. 16).<\/span><\/span><\/span><\/p>\n<p align=\"JUSTIFY\"><span style=\"font-family: Times New Roman, serif;\"><span style=\"color: #c00000;\"><span style=\"font-size: large;\"><span lang=\"it-IT\"><b>&#8211; <\/b><\/span><\/span><\/span><span style=\"color: #000000;\"><span style=\"font-size: large;\">Le eventuali memorie di santi <\/span><\/span><span style=\"color: #000000;\"><span style=\"font-size: large;\"><span lang=\"it-IT\">e delle sante <\/span><\/span><\/span><span style=\"color: #000000;\"><span style=\"font-size: large;\">che cadono in quei giorni <\/span><\/span><span style=\"color: #000000;\"><span style=\"font-size: large;\"><span>vengono omesse<\/span><\/span><\/span><span style=\"color: #000000;\"><span style=\"font-size: large;\"> quello stesso anno.<\/span><\/span><\/span><\/p>\n<p align=\"JUSTIFY\"><span style=\"font-family: Times New Roman, serif;\"><span style=\"color: #000000;\"><span style=\"font-size: large;\">Cosa si pu\u00f2 celebrare?<\/span><\/span><\/span><\/p>\n<p align=\"JUSTIFY\"><span style=\"font-family: Times New Roman, serif;\"><span style=\"color: #000000;\"><span style=\"font-size: large;\">Solo:<\/span><\/span><\/span><\/p>\n<p align=\"JUSTIFY\"><span style=\"font-family: Times New Roman, serif;\"><span style=\"color: #c00000;\"><span style=\"font-size: large;\"><span lang=\"it-IT\">&#8211; <\/span><\/span><\/span><span style=\"color: #000000;\"><span style=\"font-size: large;\"><span>Le ferie proprie del 17\u201324 dicembre<\/span><\/span><\/span><span style=\"color: #000000;\"><span style=\"font-size: large;\"> con le letture e le orazioni del giorno.<\/span><\/span><\/span><\/p>\n<p align=\"JUSTIFY\"><span style=\"font-family: Times New Roman, serif;\"><span style=\"color: #c00000;\"><span style=\"font-size: large;\"><span lang=\"it-IT\">&#8211; <\/span><\/span><\/span><span style=\"color: #000000;\"><span style=\"font-size: large;\"><span>Le solennit\u00e0<\/span><\/span><\/span><span style=\"color: #000000;\"><span style=\"font-size: large;\">, se ne capitasse qualcuna (la pi\u00f9 importante \u00e8 il <\/span><\/span><span style=\"color: #000000;\"><span style=\"font-size: large;\"><span>4\u00aa Domenica di Avvento<\/span><\/span><\/span><span style=\"color: #000000;\"><span style=\"font-size: large;\"> se coincide in quel periodo).<\/span><\/span><\/span><\/p>\n<p align=\"JUSTIFY\"><span style=\"font-family: Times New Roman, serif;\"><span style=\"color: #000000;\"><span style=\"font-size: large;\">Quindi: <\/span><\/span><span style=\"color: #000000;\"><span style=\"font-size: large;\"><span>durante le Antifone Maggiori non si celebrano memorie n\u00e9 commemorazioni<\/span><\/span><\/span><span style=\"color: #000000;\"><span style=\"font-size: large;\">, ma unicamente le ferie maggiori d\u2019Avvento<\/span><\/span><\/span><\/p>\n<p align=\"CENTER\"><span style=\"font-family: Times New Roman, serif;\"><span style=\"color: #c00000;\"><span style=\"font-size: large;\"><span lang=\"it-IT\">***<\/span><\/span><\/span><\/span><\/p>\n<p align=\"JUSTIFY\"><span style=\"color: #000000;\"><span style=\"font-family: Times New Roman, serif;\"><span style=\"font-size: large;\"><span lang=\"it-IT\"><b>Domanda<\/b><\/span><\/span><\/span><\/span><span style=\"color: #000000;\"><span style=\"font-family: Times New Roman, serif;\"><span style=\"font-size: large;\"><span lang=\"it-IT\">: <\/span><\/span><\/span><\/span><span style=\"color: #000000;\"><span style=\"font-family: Times New Roman, serif;\"><span style=\"font-size: large;\">se la Solennit\u00e0 dell<\/span><\/span><\/span><span style=\"color: #000000;\"><span style=\"font-family: Times New Roman, serif;\"><span style=\"font-size: large;\"><span lang=\"it-IT\">\u2019<\/span><\/span><\/span><\/span><span style=\"color: #000000;\"><span style=\"font-family: Times New Roman, serif;\"><span style=\"font-size: large;\">Immacolata capita il giorno <\/span><\/span><\/span><span style=\"color: #000000;\"><span style=\"font-family: Times New Roman, serif;\"><span style=\"font-size: large;\"><span lang=\"it-IT\">successivo<\/span><\/span><\/span><\/span><span style=\"color: #000000;\"><span style=\"font-family: Times New Roman, serif;\"><span style=\"font-size: large;\"> alla Domenica di Avvento, cio\u00e8 di luned\u00ec, la sera di domenica si pu\u00f2 clebrare la messa vigiliare dell<\/span><\/span><\/span><span style=\"color: #000000;\"><span style=\"font-family: Times New Roman, serif;\"><span style=\"font-size: large;\"><span lang=\"it-IT\">\u2019<\/span><\/span><\/span><\/span><span style=\"color: #000000;\"><span style=\"font-family: Times New Roman, serif;\"><span style=\"font-size: large;\">Immacolata?<\/span><\/span><\/span><\/p>\n<p align=\"JUSTIFY\"><span style=\"font-family: Times New Roman, serif;\"><span style=\"color: #000000;\"><span style=\"font-size: large;\"><span lang=\"it-IT\">Risposta: <\/span><\/span><\/span><span style=\"color: #000000;\"><span style=\"font-size: large;\">NO<\/span><\/span><span style=\"color: #000000;\"><span style=\"font-size: large;\"><span>, non si pu\u00f2 celebrare la Messa vigiliare dell\u2019Immacolata la domenica sera se il giorno seguente (8 dicembre) cade di luned\u00ec.<\/span><\/span><\/span><\/span><\/p>\n<p align=\"JUSTIFY\"><span style=\"font-family: Times New Roman, serif;\"><span style=\"color: #000000;\"><span style=\"font-size: large;\">Perch\u00e9<\/span><\/span><span style=\"color: #000000;\"><span style=\"font-size: large;\"><span>?<\/span><\/span><\/span><\/span><\/p>\n<p align=\"JUSTIFY\"><span style=\"font-family: Times New Roman, serif;\"><span style=\"color: #000000;\"><span style=\"font-size: large;\">Si applica la <\/span><\/span><span style=\"color: #000000;\"><span style=\"font-size: large;\"><span>tabella dei giorni liturgici in ordine di precedenza<\/span><\/span><\/span><span style=\"color: #000000;\"><span style=\"font-size: large;\">.<\/span><\/span><span style=\"color: #000000;\"><span style=\"font-size: large;\"><span lang=\"it-IT\"> <\/span><\/span><\/span><span style=\"color: #000000;\"><span style=\"font-size: large;\">Secondo l\u2019Ordinamento Generale del Messale Romano (<\/span><\/span><span style=\"color: #000000;\"><span style=\"font-size: large;\"><i>OGMR<\/i><\/span><\/span><span style=\"color: #000000;\"><span style=\"font-size: large;\">) e le Norme Generali per l\u2019Anno Liturgico e il Calendario (<\/span><\/span><span style=\"color: #000000;\"><span style=\"font-size: large;\"><i>NGALC<\/i><\/span><\/span><span style=\"color: #000000;\"><span style=\"font-size: large;\">):<\/span><\/span><\/span><\/p>\n<p align=\"JUSTIFY\"><span style=\"font-family: Times New Roman, serif;\"><span style=\"color: #c00000;\"><span style=\"font-size: large;\"><span lang=\"it-IT\">&#8211;<\/span><\/span><\/span><span style=\"color: #000000;\"><span style=\"font-size: large;\"><span lang=\"it-IT\"> <\/span><\/span><\/span><span style=\"color: #000000;\"><span style=\"font-size: large;\"><span>Le Domeniche di Avvento hanno un grado di precedenza superiore<\/span><\/span><\/span><span style=\"color: #000000;\"><span style=\"font-size: large;\"> alle solennit\u00e0 (<\/span><\/span><span style=\"color: #000000;\"><span style=\"font-size: large;\"><i>NGALC<\/i><\/span><\/span><span style=\"color: #000000;\"><span style=\"font-size: large;\">, Tabella, nn. 2 e 3).<\/span><\/span><\/span><\/p>\n<p align=\"JUSTIFY\"><span style=\"font-family: Times New Roman, serif;\"><span style=\"color: #c00000;\"><span style=\"font-size: large;\"><span lang=\"it-IT\"><b>&#8211; <\/b><\/span><\/span><\/span><span style=\"color: #000000;\"><span style=\"font-size: large;\">Una <\/span><\/span><span style=\"color: #000000;\"><span style=\"font-size: large;\"><span>solennit\u00e0 non pu\u00f2 \u201csovrascrivere\u201d una domenica di Avvento<\/span><\/span><\/span><span style=\"color: #000000;\"><span style=\"font-size: large;\">, nemmeno nella celebrazione vespertina del giorno precedente (art. 5 delle <\/span><\/span><span style=\"color: #000000;\"><span style=\"font-size: large;\"><i>NGALC<\/i><\/span><\/span><span style=\"color: #000000;\"><span style=\"font-size: large;\">)<\/span><\/span><\/span><\/p>\n<p align=\"JUSTIFY\"><span style=\"font-family: Times New Roman, serif;\"><span style=\"color: #000000;\"><span style=\"font-size: large;\">Conseguenza pratica<\/span><\/span><span style=\"color: #000000;\"><span style=\"font-size: large;\"><span lang=\"it-IT\">:<\/span><\/span><\/span><\/span><\/p>\n<p align=\"JUSTIFY\"><span style=\"font-family: Times New Roman, serif;\"><span style=\"color: #000000;\"><span style=\"font-size: large;\">La <\/span><\/span><span style=\"color: #000000;\"><span style=\"font-size: large;\"><span>domenica sera<\/span><\/span><\/span><span style=\"color: #000000;\"><span style=\"font-size: large;\">, essendo ancora <\/span><\/span><span style=\"color: #000000;\"><span style=\"font-size: large;\"><span>tempo liturgico della Domenica di Avvento<\/span><\/span><\/span><span style=\"color: #000000;\"><span style=\"font-size: large;\">, si deve celebrare <\/span><\/span><span style=\"color: #000000;\"><span style=\"font-size: large;\"><span>la Messa della Domenica<\/span><\/span><\/span><span style=\"color: #000000;\"><span style=\"font-size: large;\">, non la vigilia dell\u2019Immacolata.<\/span><\/span><\/span><\/p>\n<p align=\"JUSTIFY\"><span style=\"font-family: Times New Roman, serif;\"><span style=\"color: #000000;\"><span style=\"font-size: large;\">La <\/span><\/span><span style=\"color: #000000;\"><span style=\"font-size: large;\"><span>Messa vigiliare dell\u2019Immacolata<\/span><\/span><\/span><span style=\"color: #000000;\"><span style=\"font-size: large;\"> pu\u00f2 essere celebrata <\/span><\/span><span style=\"color: #000000;\"><span style=\"font-size: large;\"><span>solo la sera del 7 dicembre<\/span><\/span><\/span><span style=\"color: #000000;\"><span style=\"font-size: large;\">, e solo se <\/span><\/span><span style=\"color: #000000;\"><span style=\"font-size: large;\"><span>non \u00e8 domenica<\/span><\/span><\/span><span style=\"color: #000000;\"><span style=\"font-size: large;\">.<\/span><\/span><\/span><\/p>\n<p align=\"JUSTIFY\"><span style=\"font-family: Times New Roman, serif;\"><span style=\"color: #000000;\"><span style=\"font-size: large;\">E per la Liturgia delle Ore?<\/span><\/span><\/span><\/p>\n<p align=\"JUSTIFY\"><span style=\"font-family: Times New Roman, serif;\"><span style=\"color: #000000;\"><span style=\"font-size: large;\">Anche i <\/span><\/span><span style=\"color: #000000;\"><span style=\"font-size: large;\"><span lang=\"it-IT\"><span>V<\/span><\/span><\/span><\/span><span style=\"color: #000000;\"><span style=\"font-size: large;\"><span>espri della domenica di Avvento<\/span><\/span><\/span><span style=\"color: #000000;\"><span style=\"font-size: large;\"> prevalgono sui <\/span><\/span><span style=\"color: #000000;\"><span style=\"font-size: large;\"><span>primi vespri dell\u2019Immacolata<\/span><\/span><\/span><span style=\"color: #000000;\"><span style=\"font-size: large;\">.<\/span><\/span><span style=\"color: #000000;\"><span style=\"font-size: large;\"><span lang=\"it-IT\"> <\/span><\/span><\/span><span style=\"color: #000000;\"><span style=\"font-size: large;\">L\u2019Immacolata avr\u00e0 i <\/span><\/span><span style=\"color: #000000;\"><span style=\"font-size: large;\"><span lang=\"it-IT\"><span>secondi<\/span><\/span><\/span><\/span><span style=\"color: #000000;\"><span style=\"font-size: large;\"><span> vespri solo dopo il tramonto del luned\u00ec<\/span><\/span><\/span><span style=\"color: #000000;\"><span style=\"font-size: large;\"><b> <\/b><\/span><\/span><span style=\"color: #000000;\"><span style=\"font-size: large;\">(quindi non la sera precedente).<\/span><\/span><\/span><\/p>\n<p align=\"JUSTIFY\" style=\"text-align: center;\"><span style=\"font-family: Times New Roman, serif;\"><span style=\"color: #c00000;\"><span style=\"font-size: large;\"><span lang=\"it-IT\">***<\/span><\/span><\/span><\/span><\/p>\n<p align=\"JUSTIFY\"><span style=\"color: #000000;\">\u201c<span style=\"font-family: Times New Roman, serif;\"><span style=\"font-size: medium;\"><span lang=\"it-IT\">Dal punto di vista liturgico, \u00e8 appropriato esporre la foto del defunto durante la Messa funebre?\u201d<\/span><\/span><\/span><\/span><\/p>\n<p align=\"JUSTIFY\"><span style=\"font-family: Times New Roman, serif;\"><span style=\"color: #000000;\"><span style=\"font-size: medium;\"><span lang=\"it-IT\">Mettere la foto del defunto esposta durante la Messa funebre non \u00e8 una pratica liturgicamente prevista. La celebrazione eucaristica ha uno scopo preciso: lodare Dio, pregare per il defunto e sostenere la comunit\u00e0 dei fedeli nel dolore. L\u2019attenzione dovrebbe restare sul mistero pasquale, non sugli oggetti o sulle immagini del defunto.<\/span><\/span><\/span><\/span><\/p>\n<p align=\"JUSTIFY\"><span style=\"font-family: Times New Roman, serif;\"><span style=\"color: #000000;\"><span style=\"font-size: medium;\"><span lang=\"it-IT\">Punti principali da considerare:<\/span><\/span><\/span><\/span><\/p>\n<p align=\"JUSTIFY\"><span style=\"font-family: Times New Roman, serif;\"><span style=\"color: #000000;\"><span style=\"font-size: medium;\"><span lang=\"it-IT\">Centralit\u00e0 della liturgia: La Messa funebre \u00e8 innanzitutto un atto di culto e non un momento memoriale visivo. Esporre la foto rischia di spostare l\u2019attenzione dalla preghiera alla persona defunta.<\/span><\/span><\/span><\/span><\/p>\n<p align=\"JUSTIFY\"><span style=\"font-family: Times New Roman, serif;\"><span style=\"color: #000000;\"><span style=\"font-size: medium;\"><span lang=\"it-IT\">Ruolo del celebrante: Qualsiasi uso di immagini deve essere valutato dal sacerdote, ma da un punto di vista liturgico serio, la foto non ha alcuna funzione liturgica.<\/span><\/span><\/span><\/span><\/p>\n<p align=\"JUSTIFY\"><span style=\"font-family: Times New Roman, serif;\"><span style=\"color: #000000;\"><span style=\"font-size: medium;\"><span lang=\"it-IT\">Rito e tradizione: Nella tradizione cattolica, i ricordi materiali del defunto (foto, oggetti, ecc.) possono essere presenti prima o dopo la Messa, ad esempio nella camera ardente o al cimitero, ma non sul presbiterio o durante la celebrazione.<\/span><\/span><\/span><\/span><\/p>\n<p align=\"JUSTIFY\"><span style=\"font-family: Times New Roman, serif;\"><span style=\"color: #000000;\"><span style=\"font-size: medium;\"><span lang=\"it-IT\">In sintesi: Dal punto di vista liturgico e pastorale, esporre la foto del defunto durante la Messa funebre non \u00e8 appropriato, perch\u00e9 rischia di distogliere i fedeli dal significato centrale della celebrazione: la preghiera per il defunto e la lode a Dio.<\/span><\/span><\/span><\/span><\/p>\n<p align=\"CENTER\"><span lang=\"it-IT\">***<\/span><\/p>\n<p align=\"JUSTIFY\"><span style=\"color: #000000;\">\u201c<span style=\"font-family: Times New Roman, serif;\"><span style=\"font-size: medium;\"><span lang=\"it-IT\">Dal punto di vista liturgico, \u00e8 appropriato allestire il presepe direttamente davanti all\u2019altare maggiore durante il periodo natalizio?\u201d<\/span><\/span><\/span><\/span><\/p>\n<p align=\"JUSTIFY\"><span style=\"color: #000000;\"><span style=\"font-family: Times New Roman, serif;\"><span style=\"font-size: medium;\"><span lang=\"it-IT\">Dal punto di vista liturgico e canonico, <\/span><\/span><\/span><\/span><span style=\"color: #000000;\"><span style=\"font-family: Times New Roman, serif;\"><span style=\"font-size: medium;\"><span lang=\"it-IT\"><b>no, non \u00e8 appropriato allestire il presepe direttamente davanti all\u2019altare maggiore<\/b><\/span><\/span><\/span><\/span><span style=\"color: #000000;\"><span style=\"font-family: Times New Roman, serif;\"><span style=\"font-size: medium;\"><span lang=\"it-IT\">. Posso spiegarti perch\u00e9 in dettaglio:<\/span><\/span><\/span><\/span><\/p>\n<p align=\"JUSTIFY\"><span style=\"color: #000000;\"><span style=\"font-family: Times New Roman, serif;\"><span style=\"font-size: medium;\"><span lang=\"it-IT\"><b>1. Centralit\u00e0 dell\u2019altare<\/b><\/span><\/span><\/span><\/span><\/p>\n<p align=\"JUSTIFY\"><span style=\"color: #000000;\"><span style=\"font-family: Times New Roman, serif;\"><span style=\"font-size: medium;\"><span lang=\"it-IT\">L\u2019altare maggiore rappresenta <\/span><\/span><\/span><\/span><span style=\"color: #000000;\"><span style=\"font-family: Times New Roman, serif;\"><span style=\"font-size: medium;\"><span lang=\"it-IT\"><b>Cristo stesso e il centro della celebrazione eucaristica<\/b><\/span><\/span><\/span><\/span><span style=\"color: #000000;\"><span style=\"font-family: Times New Roman, serif;\"><span style=\"font-size: medium;\"><span lang=\"it-IT\">. Tutti gli elementi della liturgia devono rispettare la sua dignit\u00e0 e visibilit\u00e0. Mettere un presepe davanti all\u2019altare rischia di <\/span><\/span><\/span><\/span><span style=\"color: #000000;\"><span style=\"font-family: Times New Roman, serif;\"><span style=\"font-size: medium;\"><span lang=\"it-IT\"><b>ostacolare la vista, distrarre i fedeli e deviare l\u2019attenzione dalla celebrazione<\/b><\/span><\/span><\/span><\/span><span style=\"color: #000000;\"><span style=\"font-family: Times New Roman, serif;\"><span style=\"font-size: medium;\"><span lang=\"it-IT\">.<\/span><\/span><\/span><\/span><\/p>\n<p align=\"JUSTIFY\"><span style=\"color: #000000;\"><span style=\"font-family: Times New Roman, serif;\"><span style=\"font-size: medium;\"><span lang=\"it-IT\"><b>2. Luogo corretto per il presepe<\/b><\/span><\/span><\/span><\/span><\/p>\n<p align=\"JUSTIFY\"><span style=\"color: #000000;\"><span style=\"font-family: Times New Roman, serif;\"><span style=\"font-size: medium;\"><span lang=\"it-IT\">La prassi liturgica e pastorale prevede che il presepe sia collocato:<\/span><\/span><\/span><\/span><\/p>\n<p align=\"JUSTIFY\"><span style=\"color: #000000;\"><span style=\"font-family: Times New Roman, serif;\"><span style=\"font-size: medium;\"><span lang=\"it-IT\">In una zona della chiesa <\/span><\/span><\/span><\/span><span style=\"color: #000000;\"><span style=\"font-family: Times New Roman, serif;\"><span style=\"font-size: medium;\"><span lang=\"it-IT\"><b>vicina all\u2019altare<\/b><\/span><\/span><\/span><\/span><span style=\"color: #000000;\"><span style=\"font-family: Times New Roman, serif;\"><span style=\"font-size: medium;\"><span lang=\"it-IT\"> ma <\/span><\/span><\/span><\/span><span style=\"color: #000000;\"><span style=\"font-family: Times New Roman, serif;\"><span style=\"font-size: medium;\"><span lang=\"it-IT\"><b>senza ostruirlo<\/b><\/span><\/span><\/span><\/span><span style=\"color: #000000;\"><span style=\"font-family: Times New Roman, serif;\"><span style=\"font-size: medium;\"><span lang=\"it-IT\">, ad esempio su un lato, o in una nicchia dedicata.<\/span><\/span><\/span><\/span><\/p>\n<p align=\"JUSTIFY\"><span style=\"color: #000000;\"><span style=\"font-family: Times New Roman, serif;\"><span style=\"font-size: medium;\"><span lang=\"it-IT\">In modo tale da permettere ai fedeli di contemplarlo senza interferire con la Messa.<\/span><\/span><\/span><\/span><\/p>\n<p align=\"JUSTIFY\"><span style=\"color: #000000;\"><span style=\"font-family: Times New Roman, serif;\"><span style=\"font-size: medium;\"><span lang=\"it-IT\"><b>3. Indicazioni ufficiali<\/b><\/span><\/span><\/span><\/span><\/p>\n<p align=\"JUSTIFY\"><span style=\"color: #000000;\"><span style=\"font-family: Times New Roman, serif;\"><span style=\"font-size: medium;\"><span lang=\"it-IT\">La Congregazione per il Culto Divino e la Disciplina dei Sacramenti (1994, <\/span><\/span><\/span><\/span><span style=\"color: #000000;\"><span style=\"font-family: Times New Roman, serif;\"><span style=\"font-size: medium;\"><span lang=\"it-IT\"><i>Circolare sulla celebrazione del Natale<\/i><\/span><\/span><\/span><\/span><span style=\"color: #000000;\"><span style=\"font-family: Times New Roman, serif;\"><span style=\"font-size: medium;\"><span lang=\"it-IT\">) invita a collocare il presepe <\/span><\/span><\/span><\/span><span style=\"color: #000000;\"><span style=\"font-family: Times New Roman, serif;\"><span style=\"font-size: medium;\"><span lang=\"it-IT\"><b>in un luogo visibile e decoroso, ma senza compromettere la centralit\u00e0 liturgica dell\u2019altare<\/b><\/span><\/span><\/span><\/span><span style=\"color: #000000;\"><span style=\"font-family: Times New Roman, serif;\"><span style=\"font-size: medium;\"><span lang=\"it-IT\">.<\/span><\/span><\/span><\/span><\/p>\n<p align=\"JUSTIFY\"><span style=\"color: #000000;\"><span style=\"font-family: Times New Roman, serif;\"><span style=\"font-size: medium;\"><span lang=\"it-IT\">La liturgia rimane sempre il <\/span><\/span><\/span><\/span><span style=\"color: #000000;\"><span style=\"font-family: Times New Roman, serif;\"><span style=\"font-size: medium;\"><span lang=\"it-IT\"><b>momento centrale<\/b><\/span><\/span><\/span><\/span><span style=\"color: #000000;\"><span style=\"font-family: Times New Roman, serif;\"><span style=\"font-size: medium;\"><span lang=\"it-IT\">, mentre il presepe \u00e8 uno <\/span><\/span><\/span><\/span><span style=\"color: #000000;\"><span style=\"font-family: Times New Roman, serif;\"><span style=\"font-size: medium;\"><span lang=\"it-IT\"><b>strumento di catechesi e contemplazione<\/b><\/span><\/span><\/span><\/span><span style=\"color: #000000;\"><span style=\"font-family: Times New Roman, serif;\"><span style=\"font-size: medium;\"><span lang=\"it-IT\">, non un oggetto liturgico attivo sulla mensa eucaristica.<\/span><\/span><\/span><\/span><\/p>\n<p align=\"JUSTIFY\"><span style=\"color: #000000;\"><span style=\"font-family: Times New Roman, serif;\"><span style=\"font-size: medium;\"><span lang=\"it-IT\"><b>In sintesi:<\/b><\/span><\/span><\/span><\/span><\/p>\n<p align=\"JUSTIFY\"><span style=\"color: #000000;\"><span style=\"font-family: Times New Roman, serif;\"><span style=\"font-size: medium;\"><span lang=\"it-IT\">Il presepe pu\u00f2 essere presente in chiesa, ma <\/span><\/span><\/span><\/span><span style=\"color: #000000;\"><span style=\"font-family: Times New Roman, serif;\"><span style=\"font-size: medium;\"><span lang=\"it-IT\"><b>mai davanti all\u2019altare maggiore<\/b><\/span><\/span><\/span><\/span><span style=\"color: #000000;\"><span style=\"font-family: Times New Roman, serif;\"><span style=\"font-size: medium;\"><span lang=\"it-IT\">. Va collocato in modo da rispettare la dignit\u00e0 dell\u2019altare e la centralit\u00e0 della Messa.<\/span><\/span><\/span><\/span><\/p>\n<p>[\/et_pb_toggle][\/et_pb_column][\/et_pb_row][\/et_pb_section]<\/p>\n","protected":false},"excerpt":{"rendered":"<p>Contatti Incaricato diocesano: Mons. Nicola GIAMPIETRO e-mail: liturgia@diocesilanciano.it presso curia arcivescovile Lanciano &nbsp; L\u2019Ufficio per il Culto Divino dell\u2019Arcidiocesi di Lanciano-Ortona ha il compito di accompagnare e sostenere tutte le [&hellip;]<\/p>\n","protected":false},"author":1,"featured_media":0,"parent":0,"menu_order":0,"comment_status":"closed","ping_status":"closed","template":"","meta":{"_et_pb_use_builder":"on","_et_pb_old_content":"","_et_gb_content_width":"","footnotes":""},"class_list":["post-5970","page","type-page","status-publish","hentry"],"_links":{"self":[{"href":"https:\/\/diocesilanciano.it\/index.php?rest_route=\/wp\/v2\/pages\/5970","targetHints":{"allow":["GET"]}}],"collection":[{"href":"https:\/\/diocesilanciano.it\/index.php?rest_route=\/wp\/v2\/pages"}],"about":[{"href":"https:\/\/diocesilanciano.it\/index.php?rest_route=\/wp\/v2\/types\/page"}],"author":[{"embeddable":true,"href":"https:\/\/diocesilanciano.it\/index.php?rest_route=\/wp\/v2\/users\/1"}],"replies":[{"embeddable":true,"href":"https:\/\/diocesilanciano.it\/index.php?rest_route=%2Fwp%2Fv2%2Fcomments&post=5970"}],"version-history":[{"count":61,"href":"https:\/\/diocesilanciano.it\/index.php?rest_route=\/wp\/v2\/pages\/5970\/revisions"}],"predecessor-version":[{"id":6492,"href":"https:\/\/diocesilanciano.it\/index.php?rest_route=\/wp\/v2\/pages\/5970\/revisions\/6492"}],"wp:attachment":[{"href":"https:\/\/diocesilanciano.it\/index.php?rest_route=%2Fwp%2Fv2%2Fmedia&parent=5970"}],"curies":[{"name":"wp","href":"https:\/\/api.w.org\/{rel}","templated":true}]}}