{"id":4263,"date":"2024-09-24T17:06:26","date_gmt":"2024-09-24T15:06:26","guid":{"rendered":"https:\/\/nuovodiocesi.advisualweb.it\/?page_id=4261"},"modified":"2025-12-18T16:20:33","modified_gmt":"2025-12-18T16:20:33","slug":"organismi","status":"publish","type":"page","link":"https:\/\/diocesilanciano.it\/?page_id=4263","title":{"rendered":"Organismi"},"content":{"rendered":"<p>[et_pb_section fb_built=&#8221;1&#8243; fullwidth=&#8221;on&#8221; _builder_version=&#8221;4.24.2&#8243; _module_preset=&#8221;default&#8221; global_colors_info=&#8221;{}&#8221;][et_pb_fullwidth_menu menu_id=&#8221;29&#8243; menu_style=&#8221;centered&#8221; active_link_color=&#8221;#FFFFFF&#8221; dropdown_menu_bg_color=&#8221;rgba(0,84,117,0.19)&#8221; _builder_version=&#8221;4.24.2&#8243; _module_preset=&#8221;default&#8221; menu_text_color=&#8221;#FFFFFF&#8221; menu_font_size=&#8221;16px&#8221; menu_letter_spacing=&#8221;1px&#8221; background_color=&#8221;#002a3d&#8221; global_colors_info=&#8221;{}&#8221;][\/et_pb_fullwidth_menu][\/et_pb_section][et_pb_section fb_built=&#8221;1&#8243; fullwidth=&#8221;on&#8221; admin_label=&#8221;Header&#8221; _builder_version=&#8221;4.16&#8243; background_image=&#8221;http:\/\/nuovodiocesi.advisualweb.it\/wp-content\/uploads\/sites\/64\/2021\/12\/IMG_8394.jpg&#8221; parallax=&#8221;on&#8221; max_width=&#8221;100%&#8221; global_colors_info=&#8221;{}&#8221;][et_pb_fullwidth_header title=&#8221;BENVENUTI &#8221; subhead=&#8221;NEL SITO DELLA DIOCESI DI LANCIANO-ORTONA&#8221; text_orientation=&#8221;center&#8221; _builder_version=&#8221;4.16&#8243; title_font=&#8221;Didact Gothic||||||||&#8221; title_font_size=&#8221;60px&#8221; title_line_height=&#8221;1.3em&#8221; content_font=&#8221;||||||||&#8221; content_font_size=&#8221;16px&#8221; content_line_height=&#8221;2em&#8221; subhead_font=&#8221;Didact Gothic||||||||&#8221; subhead_font_size=&#8221;20px&#8221; subhead_line_height=&#8221;1.8em&#8221; background_color=&#8221;rgba(0,0,0,0)&#8221; use_background_color_gradient=&#8221;on&#8221; background_color_gradient_type=&#8221;circular&#8221; background_color_gradient_stops=&#8221;rgba(102,133,221,0.37) 0%|rgba(31,31,71,0.81) 53%&#8221; background_color_gradient_start=&#8221;rgba(102,133,221,0.37)&#8221; background_color_gradient_end=&#8221;rgba(31,31,71,0.81)&#8221; background_color_gradient_end_position=&#8221;53%&#8221; custom_button_one=&#8221;on&#8221; button_one_text_size=&#8221;16px&#8221; button_one_text_color=&#8221;#ffffff&#8221; button_one_bg_color=&#8221;#a0beef&#8221; button_one_border_width=&#8221;8px&#8221; button_one_border_color=&#8221;rgba(0,0,0,0)&#8221; button_one_border_radius=&#8221;0px&#8221; button_one_letter_spacing=&#8221;3px&#8221; button_one_font=&#8221;Didact Gothic|700||on|||||&#8221; button_one_use_icon=&#8221;off&#8221; custom_button_two=&#8221;on&#8221; button_two_text_size=&#8221;16px&#8221; button_two_text_color=&#8221;#34587c&#8221; button_two_bg_color=&#8221;#ffffff&#8221; button_two_border_width=&#8221;8px&#8221; button_two_border_color=&#8221;rgba(0,0,0,0)&#8221; button_two_border_radius=&#8221;0px&#8221; button_two_letter_spacing=&#8221;3px&#8221; button_two_font=&#8221;Didact Gothic|700||on|||||&#8221; button_two_icon=&#8221;&#x49;||divi||400&#8243; button_two_icon_placement=&#8221;left&#8221; button_two_on_hover=&#8221;off&#8221; custom_padding=&#8221;10vw||20vw&#8221; custom_padding_tablet=&#8221;&#8221; custom_padding_phone=&#8221;||80px&#8221; custom_padding_last_edited=&#8221;on|phone&#8221; animation_style=&#8221;fade&#8221; animation_starting_opacity=&#8221;45%&#8221; title_font_size_tablet=&#8221;40px&#8221; title_font_size_phone=&#8221;30px&#8221; title_font_size_last_edited=&#8221;on|phone&#8221; subhead_font_size_tablet=&#8221;&#8221; subhead_font_size_phone=&#8221;18px&#8221; subhead_font_size_last_edited=&#8221;on|phone&#8221; global_colors_info=&#8221;{}&#8221;][\/et_pb_fullwidth_header][\/et_pb_section][et_pb_section fb_built=&#8221;1&#8243; admin_label=&#8221;Blog&#8221; _builder_version=&#8221;4.24.2&#8243; background_color=&#8221;#002b3a&#8221; locked=&#8221;off&#8221; global_colors_info=&#8221;{}&#8221;][et_pb_row _builder_version=&#8221;4.27.4&#8243; _module_preset=&#8221;default&#8221; global_colors_info=&#8221;{}&#8221;][et_pb_column type=&#8221;4_4&#8243; _builder_version=&#8221;4.27.0&#8243; _module_preset=&#8221;default&#8221; global_colors_info=&#8221;{}&#8221;][et_pb_text _builder_version=&#8221;4.27.0&#8243; _dynamic_attributes=&#8221;content&#8221; _module_preset=&#8221;default&#8221; text_font=&#8221;Aboreto||||||||&#8221; text_text_color=&#8221;#FFFFFF&#8221; text_font_size=&#8221;77px&#8221; text_orientation=&#8221;center&#8221; scroll_horizontal_motion_enable=&#8221;on&#8221; scroll_horizontal_motion=&#8221;0|100|100|100|4|0|-4&#8243; scroll_blur_enable=&#8221;on&#8221; text_text_shadow_style=&#8221;preset2&#8243; global_colors_info=&#8221;{}&#8221;]@ET-DC@eyJkeW5hbWljIjp0cnVlLCJjb250ZW50IjoicG9zdF90aXRsZSIsInNldHRpbmdzIjp7ImJlZm9yZSI6IiIsImFmdGVyIjoiIiwiZW5hYmxlX2h0bWwiOiJvZmYifX0=@[\/et_pb_text][et_pb_accordion _builder_version=&#8221;4.27.4&#8243; _module_preset=&#8221;default&#8221; global_colors_info=&#8221;{}&#8221;][et_pb_accordion_item title=&#8221;CONSIGLIO EPISCOPALE&#8221; _builder_version=&#8221;4.27.0&#8243; _module_preset=&#8221;default&#8221; global_colors_info=&#8221;{}&#8221; open=&#8221;off&#8221;]<\/p>\n<p align=\"JUSTIFY\"><span style=\"color: #000000; font-family: inherit;\"><span style=\"font-size: small;\"><b>Vicario generale<\/b><\/span><\/span><\/p>\n<p align=\"JUSTIFY\"><span style=\"font-family: inherit;\"><span style=\"color: #000000;\"><span style=\"font-size: small;\"><b> <\/b><\/span><\/span><span style=\"color: #000000;\"><span style=\"font-size: small;\"><i>E-mail: <\/i><\/span><\/span><span style=\"color: #000000;\"><span style=\"font-size: small;\"><a href=\"mailto:vicariogenerale@diocesilanciano.it\">vicariogenerale@diocesilanciano.it<\/a><a href=\"mailto:vicariogenerale@diocesilanciano.it\"><\/a><\/span><\/span><span style=\"color: #000000;\"><span style=\"font-size: small;\"> <\/span><\/span><\/span><span style=\"font-family: inherit;\"><span style=\"color: #000000;\"><span style=\"font-size: small;\"><\/span><\/span><\/span><\/p>\n<p align=\"JUSTIFY\"><span style=\"color: #000000; font-family: inherit;\"><span style=\"font-size: small;\"> Don Angelo GIORDANO<\/span><\/span><\/p>\n<p align=\"JUSTIFY\">\n<p align=\"JUSTIFY\"><span style=\"color: #000000; font-family: inherit;\"><span style=\"font-size: small;\"><b>VICARIO EPISCOPALE PER LA PASTORALE<\/b><\/span><\/span><\/p>\n<p align=\"JUSTIFY\"><span style=\"font-family: inherit;\"><span style=\"color: #000000;\"><span style=\"font-size: small;\"> <\/span><\/span><span style=\"color: #000000;\"><span style=\"font-size: small;\"><i>E-mail:<\/i><\/span><\/span><span style=\"color: #000000;\"><span style=\"font-size: small;\"> <a href=\"mailto:vicario.pastorale@diocesilanciano.it\">vicario.pastorale@diocesilanciano.it<\/a><\/span><\/span><\/span><span style=\"font-family: inherit;\"><span style=\"color: #000000;\"><span style=\"font-size: small;\"><\/span><\/span><\/span><\/p>\n<p align=\"JUSTIFY\"><span style=\"color: #000000; font-family: inherit;\"><span style=\"font-size: small;\"> Don Carmine MICCOLI<\/span><\/span><\/p>\n<p align=\"JUSTIFY\"><span style=\"color: #000000; font-family: inherit;\"><span style=\"font-size: small;\"> <\/span><\/span><\/p>\n<p align=\"JUSTIFY\"><span style=\"color: #000000; font-family: inherit;\"><span style=\"font-size: small;\"><b>VICARIO EPISCOPALE PER L\u2019AMMINISTRAZIONE<\/b><\/span><\/span><\/p>\n<p align=\"JUSTIFY\"><span style=\"font-family: inherit;\"><span style=\"color: #000000;\"><span style=\"font-size: small;\"> <\/span><\/span><span style=\"color: #000000;\"><span style=\"font-size: small;\"><i>E-mail:<\/i><\/span><\/span><span style=\"color: #000000;\"><span style=\"font-size: small;\"> <a href=\"mailto:economo@diocesilanciano.it\">economo@diocesilanciano.it<\/a><\/span><\/span><\/span><span style=\"font-family: inherit;\"><span style=\"color: #000000;\"><span style=\"font-size: small;\"><\/span><\/span><\/span><\/p>\n<p align=\"JUSTIFY\"><span style=\"color: #000000; font-family: inherit;\"><span style=\"font-size: small;\"> Don Domenico DI SALVATORE<\/span><\/span><\/p>\n<p align=\"JUSTIFY\"><span style=\"color: #000000; font-family: inherit;\"><span style=\"font-size: small;\"><b>VICARIO GIUDIZIALE <\/b><\/span><\/span><\/p>\n<p align=\"JUSTIFY\"><span style=\"font-family: inherit;\"><span style=\"color: #000000;\"><span style=\"font-size: small;\"> <\/span><\/span><span style=\"color: #000000;\"><span style=\"font-size: small;\"><i>E-mail: <\/i><\/span><\/span><span style=\"color: #000000;\"><span style=\"font-size: small;\"><a href=\"mailto:vicariogiudiziale@diocesilanciano.it\">vicariogiudiziale@diocesilanciano.it<\/a><\/span><\/span><\/span><span style=\"font-family: inherit;\"><span style=\"color: #000000;\"><span style=\"font-size: small;\"><\/span><\/span><\/span><\/p>\n<p align=\"JUSTIFY\"><span style=\"color: #000000; font-family: inherit;\"><span style=\"font-size: small;\"> Don Alessio PRIMANTE<\/span><\/span><\/p>\n<p>&nbsp;<\/p>\n<p>[\/et_pb_accordion_item][et_pb_accordion_item title=&#8221;VICARI E ZONE PASTORALI&#8221; _builder_version=&#8221;4.27.0&#8243; _module_preset=&#8221;default&#8221; global_colors_info=&#8221;{}&#8221; open=&#8221;off&#8221;]<\/p>\n<p align=\"JUSTIFY\"><span style=\"color: #000000;\"><strong>ZONE PASTORALI<\/strong><\/span><span style=\"color: #000000; font-family: inherit; font-weight: normal;\"><span style=\"font-size: small;\"><b><\/b><\/span><\/span><\/p>\n<p align=\"JUSTIFY\"><span style=\"color: #000000; font-family: inherit; font-weight: normal;\"><span style=\"font-size: small;\"><b><\/b><\/span><\/span><\/p>\n<p align=\"JUSTIFY\"><span style=\"color: #000000; font-family: inherit; font-weight: normal;\"><span style=\"font-size: small;\"><b>CASTEL FRENTANO<\/b><\/span><\/span><\/p>\n<p align=\"JUSTIFY\"><span style=\"font-family: inherit; font-weight: normal;\"><span style=\"color: #000000;\"><span style=\"font-size: small;\"><i>Vicario zonale: <\/i><\/span><\/span><span style=\"color: #000000;\"><span style=\"font-size: small;\"> Mons. Camillo DI CAMPLI SANVITO<\/span><\/span><\/span><\/p>\n<p align=\"JUSTIFY\"><span style=\"color: #000000; font-family: inherit; font-weight: normal;\"><span style=\"font-size: small;\">Maria SS. Assunta in c.da Badia di FRISA <\/span><\/span><\/p>\n<p align=\"JUSTIFY\"><span style=\"color: #000000; font-family: inherit; font-weight: normal;\"><span style=\"font-size: small;\">Santo Stefano Protomartire in CASTEL FRENTANO<\/span><\/span><\/p>\n<p align=\"JUSTIFY\"><span style=\"color: #000000; font-family: inherit; font-weight: normal;\"><span style=\"font-size: small;\">Santa Lucia in FRISA<\/span><\/span><\/p>\n<p align=\"JUSTIFY\"><span style=\"color: #000000; font-family: inherit; font-weight: normal;\"><span style=\"font-size: small;\">San Filippo Neri in c.da Guastameroli di FRISA<\/span><\/span><\/p>\n<p align=\"JUSTIFY\"><span style=\"color: #000000; font-family: inherit; font-weight: normal;\"><span style=\"font-size: small;\">Nostra Signora del Carmelo in c.da Madonna del Carmine di LANCIANO<\/span><\/span><\/p>\n<p align=\"JUSTIFY\"><span style=\"color: #000000; font-family: inherit; font-weight: normal;\"><span style=\"font-size: small;\">Madonna delle Grazie in c.da S. Apollinare di SAN VITO CHIETINO<\/span><\/span><\/p>\n<p align=\"JUSTIFY\"><span style=\"color: #000000; font-family: inherit; font-weight: normal;\"><span style=\"font-size: small;\"><\/span><\/span><\/p>\n<p align=\"JUSTIFY\"><span style=\"color: #000000; font-family: inherit; font-weight: normal;\"><span style=\"font-size: small;\"><b>LANCIANO 1<\/b><\/span><\/span><\/p>\n<p align=\"JUSTIFY\"><span style=\"font-family: inherit; font-weight: normal;\"><span style=\"color: #000000;\"><span style=\"font-size: small;\"><i>Vicario zonale: <\/i><\/span><\/span><span style=\"color: #000000;\"><span style=\"font-size: small;\">Don Carlos CHACON GOMEZ<\/span><\/span><\/span><\/p>\n<p align=\"JUSTIFY\"><span style=\"color: #000000; font-family: inherit; font-weight: normal;\"><span style=\"font-size: small;\">Madonna del Ponte in LANCIANO<\/span><\/span><\/p>\n<p align=\"JUSTIFY\"><span style=\"color: #000000; font-family: inherit; font-weight: normal;\"><span style=\"font-size: small;\">Maria SS. delle Grazie in c.da Marcianese di LANCIANO<\/span><\/span><\/p>\n<p align=\"JUSTIFY\"><span style=\"color: #000000; font-family: inherit; font-weight: normal;\"><span style=\"font-size: small;\">Sant\u2019Agostino in LANCIANO<\/span><\/span><\/p>\n<p align=\"JUSTIFY\"><span style=\"color: #000000; font-family: inherit; font-weight: normal;\"><span style=\"font-size: small;\">Sant\u2019Antonio di Padova in LANCIANO <\/span><\/span><\/p>\n<p align=\"JUSTIFY\"><span style=\"color: #000000; font-family: inherit; font-weight: normal;\"><span style=\"font-size: small;\">SS. Cuore di Ges\u00f9 in LANCIANO<\/span><\/span><\/p>\n<p align=\"JUSTIFY\"><span style=\"color: #000000; font-family: inherit; font-weight: normal;\"><span style=\"font-size: small;\">Unit\u00e0 Pastorale \u201cLanciano centro\u201d: Santa Lucia, Santa Maria Maggiore, San Nicola in LANCIANO <\/span><\/span><\/p>\n<p align=\"JUSTIFY\"><span style=\"color: #000000; font-family: inherit; font-weight: normal;\"><span style=\"font-size: small;\">San Pietro Apostolo in LANCIANO<\/span><\/span><\/p>\n<p align=\"JUSTIFY\">\n<p>&nbsp;<\/p>\n<p align=\"JUSTIFY\"><span style=\"color: #000000; font-family: inherit; font-weight: normal;\"><span style=\"font-size: small;\"><b>LANCIANO 2<\/b><\/span><\/span><\/p>\n<p align=\"JUSTIFY\"><span style=\"font-family: inherit; font-weight: normal;\"><span style=\"color: #000000;\"><span style=\"font-size: small;\"><i>Vicario zonale:<\/i><\/span><\/span><span style=\"color: #000000;\"><span style=\"font-size: small;\"> Don Juan MABAHA NDONG BILOGO<\/span><\/span><\/span><\/p>\n<p align=\"JUSTIFY\"><span style=\"color: #000000; font-family: inherit; font-weight: normal;\"><span style=\"font-size: small;\">San Rocco in MOZZAGROGNA <\/span><\/span><\/p>\n<p align=\"JUSTIFY\"><span style=\"color: #000000; font-family: inherit; font-weight: normal;\"><span style=\"font-size: small;\">Maria SS. Madre di Dio in S. MARIA IMBARO <\/span><\/span><\/p>\n<p align=\"JUSTIFY\"><span style=\"color: #000000; font-family: inherit; font-weight: normal;\"><span style=\"font-size: small;\">Spirito Santo in LANCIANO <\/span><\/span><\/p>\n<p align=\"JUSTIFY\"><span style=\"color: #000000; font-family: inherit; font-weight: normal;\"><span style=\"font-size: small;\">SS. Trinit\u00e0 in c.da Villa Andreoli di LANCIANO<\/span><\/span><\/p>\n<p align=\"JUSTIFY\"><span style=\"color: #000000; font-family: inherit; font-weight: normal;\"><span style=\"font-size: small;\">San Donato in c.da Villa Martelli di LANCIANO<\/span><\/span><\/p>\n<p align=\"JUSTIFY\"><span style=\"color: #000000; font-family: inherit; font-weight: normal;\"><span style=\"font-size: small;\">Maria SS. Della Vittoria in c.da Villa Romagnoli di MOZZAGROGNA <\/span><\/span><\/p>\n<p align=\"JUSTIFY\"><span style=\"color: #000000; font-family: inherit; font-weight: normal;\"><span style=\"font-size: small;\">Santa Maria degli Angeli in c.da Villa Stanazzo di LANCIANO<\/span><\/span><\/p>\n<p align=\"JUSTIFY\"><span style=\"color: #000000; font-family: inherit; font-weight: normal;\"><span style=\"font-size: small;\">Maria SS. Assunta in TREGLIO<\/span><\/span><\/p>\n<p align=\"JUSTIFY\"><span style=\"color: #000000; font-family: inherit; font-weight: normal;\"><span style=\"font-size: small;\">Sant\u2019Onofrio Eremita in c.da Sant\u2019Onofrio di LANCIANO<\/span><\/span><\/p>\n<p align=\"JUSTIFY\"><span style=\"color: #000000; font-family: inherit; font-weight: normal;\"><span style=\"font-size: small;\">Madonna del Pozzo in c.da Villa Elce di LANCIANO<\/span><\/span><\/p>\n<p align=\"JUSTIFY\">\n<p align=\"JUSTIFY\"><span style=\"color: #000000; font-family: inherit; font-weight: normal;\"><span style=\"font-size: small;\"><b>ORTONA<\/b><\/span><\/span><\/p>\n<p align=\"JUSTIFY\"><span style=\"font-family: inherit; font-weight: normal;\"><span style=\"color: #000000;\"><span style=\"font-size: small;\"><i>Vicario zonale: <\/i><\/span><\/span><span style=\"color: #000000;\"><span style=\"font-size: small;\"> Don Jean Bosco KASEREKA MUSAVULI<\/span><\/span><\/span><\/p>\n<p align=\"JUSTIFY\"><span style=\"color: #000000; font-family: inherit; font-weight: normal;\"><span style=\"font-size: small;\">San Tommaso in ORTONA<\/span><\/span><\/p>\n<p align=\"JUSTIFY\"><span style=\"color: #000000; font-family: inherit; font-weight: normal;\"><span style=\"font-size: small;\">San Zeffirino in c.da Caldari di ORTONA <\/span><\/span><\/p>\n<p align=\"JUSTIFY\"><span style=\"color: #000000; font-family: inherit; font-weight: normal;\"><span style=\"font-size: small;\">Maria SS. Immacolata in c.da Foro di ORTONA<\/span><\/span><\/p>\n<p align=\"JUSTIFY\"><span style=\"color: #000000; font-family: inherit; font-weight: normal;\"><span style=\"font-size: small;\">Cristo Re in c.da Riccio di ORTONA <\/span><\/span><\/p>\n<p align=\"JUSTIFY\"><span style=\"color: #000000; font-family: inherit; font-weight: normal;\"><span style=\"font-size: small;\">San Gabriele dell\u2019Addolorata in ORTONA<\/span><\/span><\/p>\n<p align=\"JUSTIFY\"><span style=\"color: #000000; font-family: inherit; font-weight: normal;\"><span style=\"font-size: small;\">San Giuseppe in ORTONA<\/span><\/span><\/p>\n<p align=\"JUSTIFY\"><span style=\"color: #000000; font-family: inherit; font-weight: normal;\"><span style=\"font-size: small;\">San Leonardo Abate in c.da Villa San Leonardo di ORTONA <\/span><\/span><\/p>\n<p align=\"JUSTIFY\"><span style=\"color: #000000; font-family: inherit; font-weight: normal;\"><span style=\"font-size: small;\">Santa Maria di Costantinopoli in ORTONA<\/span><\/span><\/p>\n<p align=\"JUSTIFY\"><span style=\"color: #000000; font-family: inherit; font-weight: normal;\"><span style=\"font-size: small;\">Santa Maria delle Grazie in ORTONA<\/span><\/span><\/p>\n<p align=\"JUSTIFY\"><span style=\"color: #000000; font-family: inherit; font-weight: normal;\"><span style=\"font-size: small;\">Sant\u2019Antonio di Padova in c.da Villa Grande di ORTONA<\/span><\/span><\/p>\n<p align=\"JUSTIFY\"><span style=\"color: #000000; font-family: inherit; font-weight: normal;\"><span style=\"font-size: small;\">SS. Cuore di Ges\u00f9 in c.da Villa S. Nicola di ORTONA<\/span><\/span><\/p>\n<p>&nbsp;<\/p>\n<p>&nbsp;<\/p>\n<p align=\"JUSTIFY\"><span style=\"color: #000000; font-family: inherit; font-weight: normal;\"><span style=\"font-size: small;\"><b>TOLLO<\/b><\/span><\/span><\/p>\n<p align=\"JUSTIFY\"><span style=\"font-family: inherit; font-weight: normal;\"><span style=\"color: #000000;\"><span style=\"font-size: small;\"><i>Vicario zonale: <\/i><\/span><\/span><span style=\"color: #000000;\"><span style=\"font-size: small;\"> D. Val\u00e8ry MUSHAGALUSA POLISI<\/span><\/span><\/span><\/p>\n<p align=\"JUSTIFY\"><span style=\"color: #000000; font-family: inherit; font-weight: normal;\"><span style=\"font-size: small;\">SS. Salvatore in ARI <\/span><\/span><\/p>\n<p align=\"JUSTIFY\"><span style=\"color: #000000; font-family: inherit; font-weight: normal;\"><span style=\"font-size: small;\">San Michele Arcangelo in ARIELLI<\/span><\/span><\/p>\n<p align=\"JUSTIFY\"><span style=\"color: #000000; font-family: inherit; font-weight: normal;\"><span style=\"font-size: small;\">Santi Filippo e Giacomo Apostoli in CANOSA SANNITA<\/span><\/span><\/p>\n<p align=\"JUSTIFY\"><span style=\"color: #000000; font-family: inherit; font-weight: normal;\"><span style=\"font-size: small;\">SS. Salvatore in CRECCHIO <\/span><\/span><\/p>\n<p align=\"JUSTIFY\"><span style=\"color: #000000; font-family: inherit; font-weight: normal;\"><span style=\"font-size: small;\">San Matteo Apostolo in POGGIOFIORITO <\/span><\/span><\/p>\n<p align=\"JUSTIFY\"><span style=\"color: #000000; font-family: inherit; font-weight: normal;\"><span style=\"font-size: small;\">Maria SS. Assunta in TOLLO<\/span><\/span><\/p>\n<p align=\"JUSTIFY\"><span style=\"color: #000000; font-family: inherit; font-weight: normal;\"><span style=\"font-size: small;\"><\/span><\/span><\/p>\n<p align=\"JUSTIFY\"><span style=\"color: #000000; font-family: inherit; font-weight: normal;\"><span style=\"font-size: small;\"><\/span><\/span><\/p>\n<p align=\"JUSTIFY\"><span style=\"color: #000000; font-family: inherit; font-weight: normal;\"><span style=\"font-size: small;\"><\/span><\/span><\/p>\n<p>&nbsp;<\/p>\n<p align=\"JUSTIFY\"><span style=\"color: #000000; font-family: inherit; font-weight: normal;\"><span style=\"font-size: small;\"><\/span><\/span><\/p>\n<p align=\"JUSTIFY\"><span style=\"color: #000000; font-family: inherit; font-weight: normal;\"><span style=\"font-size: small;\"><\/span><\/span><\/p>\n<p>[\/et_pb_accordion_item][et_pb_accordion_item title=&#8221;CONSIGLIO PASTORALE DIOCESANO&#8221; _builder_version=&#8221;4.27.4&#8243; _module_preset=&#8221;default&#8221; global_colors_info=&#8221;{}&#8221; open=&#8221;off&#8221;]<\/p>\n<p class=\"p1\"><strong>CONSIGLIO PASTORALE DIOCESANO<\/strong><\/p>\n<p class=\"p1\"><strong>IN ATTESA DI NOMINA PER IL QUINQUENNIO 2025-2030<\/strong><\/p>\n<p>[\/et_pb_accordion_item][et_pb_accordion_item title=&#8221;CONSIGLIO PRESBITERALE&#8221; open=&#8221;on&#8221; _builder_version=&#8221;4.27.4&#8243; _module_preset=&#8221;default&#8221; global_colors_info=&#8221;{}&#8221;]<\/p>\n<p><strong>membri di designazione arcivescovile\u00a0<\/strong><\/p>\n<p>don <strong>Angelo Giordano<\/strong> \u2013 vicario generale (componente di diritto)<\/p>\n<p>don <strong>Domenico Di Salvatore<\/strong> \u2013 vicario episcopale per l\u2019amministrazione<\/p>\n<p>don <strong>Carmine Miccoli<\/strong> \u2013 vicario episcopale per la pastorale<\/p>\n<p>don <strong>Alessio Primante<\/strong> \u2013 vicario giudiziale e cancelliere arcivescovile<\/p>\n<p><strong>componenti eletti dai presbiteri diocesani<\/strong><\/p>\n<p>don <strong>Emanuele Bianco<\/strong> \u2013 amministratore parrocchiale di Santo Stefano Protomartire in Castel Frentano<\/p>\n<p>don <strong>Paul Hubert Botomanga<\/strong> \u2013 amministratore parrocchiale dei Ss. Filippo e Giacomo apostoli in Canosa Sannita<\/p>\n<p>mons. <strong>Camillo Di Campli Sanvito<\/strong> \u2013 parroco di Maria SS. Assunta in Contrada Badia di Frisa<\/p>\n<p>don <strong>Roberto Geroldi<\/strong> \u2013 amministratore parrocchiale di San Tommaso apostolo in Ortona<\/p>\n<p>mons. <strong>Nicola Giampietro<\/strong> \u2013 amministratore parrocchiale dello Spirito Santo in Lanciano<\/p>\n<p>don <strong>Giovanni Sabella<\/strong> \u2013 co-parroco dell\u2019Unit\u00e0 pastorale di Lanciano centro<\/p>\n<p><strong>componenti eletti dai presbiteri religiosi: <\/strong><\/p>\n<p>padre <strong>Bijumon Alex<\/strong> \u2013 Missionari del Santissimo Sacramento (MCBS), amministratore parrocchiale della Ss. Trinit\u00e0 a Villa Andreoli di Lanciano<\/p>\n<p>padre <strong>Jobish Thomas<\/strong> \u2013 Missionari del Santissimo Sacramento (MCBS), responsabile della Cappellania ospedaliera di Lanciano<\/p>\n<p>padre <strong>Bertin Mutombo Kongolo<\/strong> \u2013 Comunit\u00e0 dei Figli di Dio, amministratore parrocchiale di San Zeffirino in Contrada Caldari di Ortona<\/p>\n<p>[\/et_pb_accordion_item][et_pb_accordion_item title=&#8221;COLLEGIO CONSULTORI&#8221; _builder_version=&#8221;4.27.0&#8243; _module_preset=&#8221;default&#8221; global_colors_info=&#8221;{}&#8221; open=&#8221;off&#8221;]<\/p>\n<h5 class=\"et_pb_toggle_title et-fb-editable-element et-fb-editable-element__editing\" data-shortcode-id=\"2.0.0.1.4-1762524529563\" data-quickaccess-id=\"toggle\" data-quickaccess-order=\"1\" contenteditable=\"true\"><strong>COLLEGIO CONSULTORI<\/strong><\/h5>\n<p class=\"p1\">\n<p class=\"p1\">Membri: Don Angelo GIORDANO, Vicario generale<\/p>\n<p class=\"p1\">Mons. Nicola GIAMPIETRO<\/p>\n<p class=\"p1\">Mons. Nicola GIAMPIETRO<\/p>\n<p class=\"p1\">Don Alessio PRIMANTE<\/p>\n<p class=\"p1\">Don Roberto GIROLDI<\/p>\n<p class=\"p1\">Don Paul Hubert BOTOMANGA<\/p>\n<p class=\"p1\">P. Jobish THOMAS mcbs<\/p>\n<p class=\"p1\">P. Alex BIJUMON mcbs<\/p>\n<p>[\/et_pb_accordion_item][et_pb_accordion_item title=&#8221;CONSIGLIO AFFARI ECONOMICI&#8221; _builder_version=&#8221;4.27.0&#8243; _module_preset=&#8221;default&#8221; global_colors_info=&#8221;{}&#8221; open=&#8221;off&#8221;]<\/p>\n<p class=\"p1\">\n<p class=\"p1\"><strong>Membri:<\/strong><\/p>\n<p class=\"p1\">Don Angelo GIORDANO, Vicario generale<\/p>\n<p class=\"p1\">Don Carmine MICCOLI, Vicario per la Pastorale<\/p>\n<p class=\"p1\">Don Domenico DI SALVATORE, Vicario per l\u2019Amministrazione<\/p>\n<p class=\"p1\">Dott. Giancarlo AMMIRATI<\/p>\n<p class=\"p1\">Dott.ssa Gabriella BALDASSARE POLIDORO<\/p>\n<p class=\"p1\">Ing. Diac. Tommaso GALANTI<\/p>\n<p class=\"p1\">Dott. Gianpaolo MICOLUCCI<\/p>\n<p align=\"JUSTIFY\">\n<p>[\/et_pb_accordion_item][et_pb_accordion_item title=&#8221;TUTELA MINORI&#8221; _builder_version=&#8221;4.27.0&#8243; _module_preset=&#8221;default&#8221; global_colors_info=&#8221;{}&#8221; open=&#8221;off&#8221;]<\/p>\n<p align=\"JUSTIFY\"><span style=\"color: #000000; font-family: inherit;\"><span style=\"font-size: small;\"><b>SERVIZIO PER LA TUTELA MINORI <\/b><\/span><\/span><\/p>\n<p class=\"p1\">E-mail: <a href=\"mailto:tutelaminori@diocesilanciano.it\">tutelaminori@diocesilanciano.it<\/a><\/p>\n<p class=\"p1\">\n<p class=\"p1\">Don Angelo GIORDANO<\/p>\n<p class=\"p1\">Avv. Anna Ida PICCIRILLI<\/p>\n<p class=\"p1\">Dott.ssa Assunta PIETRANTONIO<\/p>\n<p class=\"p1\">Dott.ssa Serena LUCIANI<\/p>\n<p class=\"p1\">Don Alessio PRIMANTE<\/p>\n<p>&nbsp;<\/p>\n<p>[\/et_pb_accordion_item][et_pb_accordion_item title=&#8221;CANCELLERIA E UFFICI ANNESSI&#8221; _builder_version=&#8221;4.27.0&#8243; _module_preset=&#8221;default&#8221; global_colors_info=&#8221;{}&#8221; open=&#8221;off&#8221;]<\/p>\n<p align=\"JUSTIFY\">\n<p class=\"p1\"><strong>SEGRETERIA TECNICA<\/strong> E-mail: <a href=\"mailto:curia@diocesilanciano.it\">curia@diocesilanciano.it<\/a><\/p>\n<p class=\"p1\">\n<p class=\"p1\">Responsabile: Sr. No\u00eblla NDAYISABA<\/p>\n<p class=\"p1\">\n<p class=\"p1\"><strong>CANCELLERIA<\/strong><\/p>\n<p class=\"p1\">E-mail: <a href=\"mailto:cancelleria@diocesilanciano.it\">cancelleria@diocesilanciano.it<\/a><\/p>\n<p class=\"p1\">\n<p class=\"p1\">Cancelliere: <strong>Don Alessio PRIMANTE<\/strong><\/p>\n<p class=\"p1\">Vice cancelliera: <strong>Melissa COLANTONIO<\/strong><\/p>\n<p class=\"p1\"><strong>UFFICIO MATRIMONI<\/strong><\/p>\n<p class=\"p1\"><strong>SEDE DI LANCIANO:<\/strong><\/p>\n<p class=\"p1\">Curia, Venerd\u00ec e Sabato, ore 9:30-12:30<\/p>\n<p class=\"p1\"><strong>SEDE DI ORTONA:<\/strong><\/p>\n<p class=\"p1\">Largo Riccardi \u2022 66026 ORTONA<\/p>\n<p class=\"p1\">tel. 085.9063393<\/p>\n<p class=\"p1\">Orari: Mercoled\u00ec<\/p>\n<p>[\/et_pb_accordion_item][et_pb_accordion_item title=&#8221;ASSOCIAZIONI E ISTITUZIONI COLLEGATE&#8221; _builder_version=&#8221;4.27.4&#8243; _module_preset=&#8221;default&#8221; global_colors_info=&#8221;{}&#8221; open=&#8221;off&#8221;]<\/p>\n<p align=\"JUSTIFY\"><span style=\"color: #000000; font-family: inherit;\"><span style=\"font-size: small;\"><b>Vicario generale<\/b><\/span><\/span><\/p>\n<p align=\"JUSTIFY\"><span style=\"font-family: inherit;\"><span style=\"color: #000000;\"><span style=\"font-size: small;\"><b> <\/b><\/span><\/span><span style=\"color: #000000;\"><span style=\"font-size: small;\"><i>E-mail: <\/i><\/span><\/span><span style=\"color: #000000;\"><span style=\"font-size: small;\"><a href=\"mailto:vicariogenerale@diocesilanciano.it\">vicariogenerale@diocesilanciano.it<\/a><a href=\"mailto:vicariogenerale@diocesilanciano.it\"><\/a><\/span><\/span><span style=\"color: #000000;\"><span style=\"font-size: small;\"> <\/span><\/span><\/span><span style=\"font-family: inherit;\"><span style=\"color: #000000;\"><span style=\"font-size: small;\"><\/span><\/span><\/span><\/p>\n<p align=\"JUSTIFY\"><span style=\"color: #000000; font-family: inherit;\"><span style=\"font-size: small;\"> Don Angelo GIORDANO<\/span><\/span><\/p>\n<p align=\"JUSTIFY\"><span style=\"color: #000000; font-family: inherit;\"><span style=\"font-size: small;\"><b>VICARIO EPISCOPALE PER LA PASTORALE<\/b><\/span><\/span><\/p>\n<p align=\"JUSTIFY\"><span style=\"font-family: inherit;\"><span style=\"color: #000000;\"><span style=\"font-size: small;\"> <\/span><\/span><span style=\"color: #000000;\"><span style=\"font-size: small;\"><i>E-mail:<\/i><\/span><\/span><span style=\"color: #000000;\"><span style=\"font-size: small;\"> <a href=\"mailto:vicario.pastorale@diocesilanciano.it\">vicario.pastorale@diocesilanciano.it<\/a><\/span><\/span><\/span><span style=\"font-family: inherit;\"><span style=\"color: #000000;\"><span style=\"font-size: small;\"><\/span><\/span><\/span><\/p>\n<p align=\"JUSTIFY\"><span style=\"color: #000000; font-family: inherit;\"><span style=\"font-size: small;\"> Don Carmine MICCOLI<\/span><\/span><\/p>\n<p align=\"JUSTIFY\"><span style=\"color: #000000; font-family: inherit;\"><span style=\"font-size: small;\"> <\/span><\/span><\/p>\n<p align=\"JUSTIFY\"><span style=\"color: #000000; font-family: inherit;\"><span style=\"font-size: small;\"><b>VICARIO EPISCOPALE PER L\u2019AMMINISTRAZIONE<\/b><\/span><\/span><\/p>\n<p align=\"JUSTIFY\"><span style=\"font-family: inherit;\"><span style=\"color: #000000;\"><span style=\"font-size: small;\"> <\/span><\/span><span style=\"color: #000000;\"><span style=\"font-size: small;\"><i>E-mail:<\/i><\/span><\/span><span style=\"color: #000000;\"><span style=\"font-size: small;\"> <a href=\"mailto:economo@diocesilanciano.it\">economo@diocesilanciano.it<\/a><\/span><\/span><\/span><span style=\"font-family: inherit;\"><span style=\"color: #000000;\"><span style=\"font-size: small;\"><\/span><\/span><\/span><\/p>\n<p align=\"JUSTIFY\"><span style=\"color: #000000; font-family: inherit;\"><span style=\"font-size: small;\"> Don Domenico DI SALVATORE<\/span><\/span><\/p>\n<p align=\"JUSTIFY\"><span style=\"color: #000000; font-family: inherit;\"><span style=\"font-size: small;\"><b>VICARIO GIUDIZIALE <\/b><\/span><\/span><\/p>\n<p align=\"JUSTIFY\"><span style=\"font-family: inherit;\"><span style=\"color: #000000;\"><span style=\"font-size: small;\"> <\/span><\/span><span style=\"color: #000000;\"><span style=\"font-size: small;\"><i>E-mail: <\/i><\/span><\/span><span style=\"color: #000000;\"><span style=\"font-size: small;\"><a href=\"mailto:vicariogiudiziale@diocesilanciano.it\">vicariogiudiziale@diocesilanciano.it<\/a><\/span><\/span><\/span><span style=\"font-family: inherit;\"><span style=\"color: #000000;\"><span style=\"font-size: small;\"><\/span><\/span><\/span><\/p>\n<p align=\"JUSTIFY\"><span style=\"color: #000000; font-family: inherit;\"><span style=\"font-size: small;\"> Don Alessio PRIMANTE<\/span><\/span><\/p>\n<p align=\"JUSTIFY\"><span style=\"color: #000000; font-family: inherit;\"><span style=\"font-size: small;\"><\/span><\/span><\/p>\n<p class=\"p1\" style=\"text-align: left;\"><strong>CENTRO FAMIGLIA DI LANCIANO<\/strong><\/p>\n<p class=\"p1\">Via G. Finamore, 34 \u2022 66034 LANCIANO (CH) \u2022 tel. 0872.703593<\/p>\n<p class=\"p1\">E-mail: <a href=\"mailto:consultoriodioc@virgilio.it\">consultoriodioc@virgilio.it<\/a><\/p>\n<p class=\"p1\">Presidente: Diac. Dr. Luigi MARCHIONE<\/p>\n<p class=\"p1\">Reperibilit\u00e0 telefonica: marted\u00ec e gioved\u00ec dalle 16 alle 18<\/p>\n<p class=\"p1\">Delegato arcivescovile: Vicario per la Pastorale<\/p>\n<p class=\"p1\">\n<p class=\"p1\" style=\"text-align: left;\"><strong>CONSULTORIO FAMILIARE A.GE. DI ORTONA<\/strong><\/p>\n<p class=\"p1\">CENTRO ANTIVIOLENZA DONNE E MINORI<\/p>\n<p class=\"p1\">Sito: <a href=\"http:\/\/www.consultage.it\">www.consultage.it<\/a><\/p>\n<p class=\"p1\">Via Giovanni XXIII, 80 \u2022 660206 ORTONA (CH) \u2022 tel. 085.9064550<\/p>\n<p class=\"p1\">Presidente: Sig. Achille SERRA<\/p>\n<p class=\"p1\">E-mail: <a href=\"mailto:consultage@virgilio.it\">consultage@virgilio.it<\/a><\/p>\n<p class=\"p1\">Segretaria: Sig.ra Maria Irma MASSARI<\/p>\n<p class=\"p1\">\n<p class=\"p1\">\n<p class=\"p1\"><strong>FONDAZIONE JUBILEUM. SERVIZIO ANTI USURA<\/strong><\/p>\n<p class=\"p1\">Curia di Lanciano<\/p>\n<p class=\"p1\">Delegato arcivescovile: Vicario per l\u2019Amministrazione<\/p>\n<p class=\"p1\">Direttore:<\/p>\n<p class=\"p1\">Orari (su appuntamento): Sabato 10.00 &#8211; 12.00<\/p>\n<p class=\"p1\">Marted\u00ec 9.30 &#8211; 11.00<\/p>\n<p class=\"p1\">\n<p class=\"p1\">\n<p class=\"p1\"><strong>ISTITUTO SOSTENTAMENTO CLERO<\/strong><\/p>\n<p class=\"p1\">Curia di Lanciano<\/p>\n<p class=\"p1\">E-mail: <a href=\"mailto:idsclanciano@gmail.com\">idsclanciano@gmail.com<\/a><\/p>\n<p class=\"p1\">Presidente: Dott.ssa Mariella BOZZA<\/p>\n<p class=\"p1\">tel. 0872.712648 \u2022 fax 0872.715903<\/p>\n<p class=\"p1\">Orari: Sabato su appuntamento<\/p>\n<p class=\"p1\">\n<p class=\"p1\">\n<p class=\"p1\"><strong>AMCI<\/strong><\/p>\n<p class=\"p1\">Presidente: Dott. Pier Paolo CARINCI<\/p>\n<p class=\"p1\">E-mail: <a href=\"mailto:ppcarinci@libero.it\">ppcarinci@libero.it<\/a><\/p>\n<p class=\"p1\">Assistente ecclesiastico: Vicario per la Pastorale<\/p>\n<p class=\"p1\">\n<p class=\"p1\">\n<p class=\"p1\"><strong>FACI (Federazione Associazioni Clero Italia)<\/strong><\/p>\n<p class=\"p1\">Incaricato diocesano: Mons. Camillo DI CAMPLI SANVITO<\/p>\n<p class=\"p1\">\n<p class=\"p1\">\n<p class=\"p1\"><strong>GIURISTI CATTOLICI<\/strong><\/p>\n<p class=\"p1\">Presidente: Avv. Gina Mariagrazia DELLA FAZIA<\/p>\n<p class=\"p1\">Assistente ecclesiastico: Don Alessio PRIMANTE<\/p>\n<p class=\"p1\">\n<p class=\"p1\">\n<p class=\"p1\"><strong>UNITALSI<\/strong><\/p>\n<p class=\"p1\">Presidente: Rosanna DI BATTISTA<\/p>\n<p class=\"p1\">Assistente ecclesiastico: P. Francesco CONCATO<\/p>\n<p class=\"p1\">\n<p class=\"p1\">\n<p class=\"p1\"><strong>CONFRATERNITE<\/strong><\/p>\n<p class=\"p1\">Delegato Arcivescovile\/Commissario: Consiglio Episcopale<\/p>\n<p class=\"p1\">Assistente spirituale: Mons. Camillo DI CAMPLI SANVITO<\/p>\n<p class=\"p1\">Parroci delle rispettive parrocchie<\/p>\n<p class=\"p1\">\n<p class=\"p1\">\n<p align=\"JUSTIFY\"><span style=\"color: #000000; font-family: inherit;\"><span style=\"font-size: small;\"><\/span><\/span><\/p>\n<p align=\"JUSTIFY\"><span style=\"color: #000000; font-family: inherit;\"><span style=\"font-size: small;\"><\/span><\/span><\/p>\n<p>&nbsp;<\/p>\n<p>[\/et_pb_accordion_item][et_pb_accordion_item title=&#8221;ECONOMATO E AMMINISTRAZIONE&#8221; _builder_version=&#8221;4.27.0&#8243; _module_preset=&#8221;default&#8221; global_colors_info=&#8221;{}&#8221; open=&#8221;off&#8221;]<\/p>\n<p class=\"p1\"><strong>ECONOMATO<\/strong><\/p>\n<p class=\"p1\">E-mail: <a href=\"mailto:economo@diocesilanciano.it\">economo@diocesilanciano.it<\/a><\/p>\n<p class=\"p1\">\n<p class=\"p1\">Don Domenico DI SALVATORE<\/p>\n<p class=\"p1\">Dott. Marco CENTURIONE<\/p>\n<p class=\"p1\">Consulente del lavoro: UFFICIO CASSA-CONTABILIT\u00c0<\/p>\n<p class=\"p1\">Segreteria tecnica: Dott.ssa Barbara ROTELLA<\/p>\n<p class=\"p1\">\n<p>[\/et_pb_accordion_item][\/et_pb_accordion][\/et_pb_column][\/et_pb_row][\/et_pb_section][et_pb_section fb_built=&#8221;1&#8243; admin_label=&#8221;Next Steps&#8221; _builder_version=&#8221;4.27.0&#8243; background_image=&#8221;http:\/\/nuovodiocesi.advisualweb.it\/wp-content\/uploads\/sites\/64\/2021\/09\/church-04.jpg&#8221; parallax=&#8221;on&#8221; custom_padding=&#8221;|0px|12vw|0px|false|false&#8221; global_colors_info=&#8221;{}&#8221; use_background_color_gradient__hover=&#8221;off&#8221; use_background_color_gradient__hover_enabled=&#8221;off&#8221; background_color_gradient_start__hover=&#8221;#2b87da&#8221; background_color_gradient_start__hover_enabled=&#8221;#2b87da&#8221; background_color_gradient_end__hover=&#8221;#29c4a9&#8243; background_color_gradient_end__hover_enabled=&#8221;#29c4a9&#8243; background_color_gradient_type__hover=&#8221;linear&#8221; background_color_gradient_type__hover_enabled=&#8221;linear&#8221; background_color_gradient_direction__hover=&#8221;180deg&#8221; background_color_gradient_direction__hover_enabled=&#8221;180deg&#8221; background_color_gradient_direction_radial__hover=&#8221;center&#8221; background_color_gradient_direction_radial__hover_enabled=&#8221;center&#8221; background_color_gradient_start_position__hover=&#8221;0%&#8221; background_color_gradient_start_position__hover_enabled=&#8221;0%&#8221; background_color_gradient_end_position__hover=&#8221;100%&#8221; background_color_gradient_end_position__hover_enabled=&#8221;100%&#8221; background_color_gradient_overlays_image__hover=&#8221;off&#8221; background_color_gradient_overlays_image__hover_enabled=&#8221;off&#8221; parallax__hover=&#8221;off&#8221; parallax__hover_enabled=&#8221;off&#8221; parallax_method__hover=&#8221;on&#8221; parallax_method__hover_enabled=&#8221;on&#8221; background_size__hover=&#8221;cover&#8221; background_size__hover_enabled=&#8221;cover&#8221; background_position__hover=&#8221;center&#8221; background_position__hover_enabled=&#8221;center&#8221; background_repeat__hover=&#8221;no-repeat&#8221; background_repeat__hover_enabled=&#8221;no-repeat&#8221; background_blend__hover=&#8221;normal&#8221; background_blend__hover_enabled=&#8221;normal&#8221; allow_player_pause__hover=&#8221;off&#8221; allow_player_pause__hover_enabled=&#8221;off&#8221; background_video_pause_outside_viewport__hover=&#8221;on&#8221; background_video_pause_outside_viewport__hover_enabled=&#8221;on&#8221; background_color_gradient_stops__hover=&#8221;#2b87da 0%|#29c4a9 100%&#8221;][et_pb_row _builder_version=&#8221;4.27.0&#8243; _module_preset=&#8221;default&#8221; global_colors_info=&#8221;{}&#8221;][et_pb_column type=&#8221;4_4&#8243; _builder_version=&#8221;4.27.0&#8243; _module_preset=&#8221;default&#8221; global_colors_info=&#8221;{}&#8221;][\/et_pb_column][\/et_pb_row][\/et_pb_section]<\/p>\n","protected":false},"excerpt":{"rendered":"<p>Vicario generale E-mail: vicariogenerale@diocesilanciano.it Don Angelo GIORDANO VICARIO EPISCOPALE PER LA PASTORALE E-mail: vicario.pastorale@diocesilanciano.it Don Carmine MICCOLI VICARIO EPISCOPALE PER L\u2019AMMINISTRAZIONE E-mail: economo@diocesilanciano.it Don Domenico DI SALVATORE VICARIO GIUDIZIALE E-mail: [&hellip;]<\/p>\n","protected":false},"author":1,"featured_media":0,"parent":0,"menu_order":0,"comment_status":"closed","ping_status":"closed","template":"","meta":{"_et_pb_use_builder":"on","_et_pb_old_content":"","_et_gb_content_width":"","footnotes":""},"class_list":["post-4263","page","type-page","status-publish","hentry"],"_links":{"self":[{"href":"https:\/\/diocesilanciano.it\/index.php?rest_route=\/wp\/v2\/pages\/4263","targetHints":{"allow":["GET"]}}],"collection":[{"href":"https:\/\/diocesilanciano.it\/index.php?rest_route=\/wp\/v2\/pages"}],"about":[{"href":"https:\/\/diocesilanciano.it\/index.php?rest_route=\/wp\/v2\/types\/page"}],"author":[{"embeddable":true,"href":"https:\/\/diocesilanciano.it\/index.php?rest_route=\/wp\/v2\/users\/1"}],"replies":[{"embeddable":true,"href":"https:\/\/diocesilanciano.it\/index.php?rest_route=%2Fwp%2Fv2%2Fcomments&post=4263"}],"version-history":[{"count":25,"href":"https:\/\/diocesilanciano.it\/index.php?rest_route=\/wp\/v2\/pages\/4263\/revisions"}],"predecessor-version":[{"id":6214,"href":"https:\/\/diocesilanciano.it\/index.php?rest_route=\/wp\/v2\/pages\/4263\/revisions\/6214"}],"wp:attachment":[{"href":"https:\/\/diocesilanciano.it\/index.php?rest_route=%2Fwp%2Fv2%2Fmedia&parent=4263"}],"curies":[{"name":"wp","href":"https:\/\/api.w.org\/{rel}","templated":true}]}}